{"id":3692,"date":"2026-09-02T15:54:32","date_gmt":"2026-09-02T13:54:32","guid":{"rendered":"https:\/\/afen.fr\/?page_id=3692"},"modified":"2026-09-02T16:03:20","modified_gmt":"2026-09-02T14:03:20","slug":"events","status":"publish","type":"page","link":"https:\/\/afen.fr\/en\/evenements\/","title":{"rendered":"Events"},"content":{"rendered":"\t\t<div data-elementor-type=\"wp-page\" data-elementor-id=\"3692\" class=\"elementor elementor-3692\" data-elementor-post-type=\"page\">\n\t\t\t\t<div class=\"elementor-element elementor-element-7b6ca10 e-con-full e-flex e-con e-parent\" data-id=\"7b6ca10\" data-element_type=\"container\">\n\t\t\t\t<div class=\"elementor-element elementor-element-565584a elementor-widget elementor-widget-template\" data-id=\"565584a\" data-element_type=\"widget\" data-widget_type=\"template.default\">\n\t\t\t\t<div class=\"elementor-widget-container\">\n\t\t\t\t\t<div class=\"elementor-template\">\n\t\t\t\t\t<div data-elementor-type=\"container\" data-elementor-id=\"588\" class=\"elementor elementor-588\" data-elementor-post-type=\"elementor_library\">\n\t\t\t\t<div class=\"elementor-element elementor-element-dc1f251 e-flex e-con-boxed e-con e-parent\" data-id=\"dc1f251\" data-element_type=\"container\" data-settings=\"{&quot;background_background&quot;:&quot;classic&quot;}\">\n\t\t\t\t\t<div class=\"e-con-inner\">\n\t\t\t\t<div class=\"elementor-element elementor-element-35cfd9d elementor-widget elementor-widget-breadcrumbs\" data-id=\"35cfd9d\" data-element_type=\"widget\" data-widget_type=\"breadcrumbs.default\">\n\t\t\t\t<div class=\"elementor-widget-container\">\n\t\t\t<p id=\"breadcrumbs\"><span><span><a href=\"https:\/\/afen.fr\/\">Accueil<\/a><\/span><\/span><\/p>\t\t<\/div>\n\t\t\t\t<\/div>\n\t\t\t\t\t<\/div>\n\t\t\t\t<\/div>\n\t\t\t\t<\/div>\n\t\t\t\t<\/div>\n\t\t\t\t<\/div>\n\t\t\t\t<\/div>\n\t\t\t\t<\/div>\n\t\t<div class=\"elementor-element elementor-element-fe3b094 e-flex e-con-boxed e-con e-parent\" data-id=\"fe3b094\" data-element_type=\"container\" data-settings=\"{&quot;background_background&quot;:&quot;classic&quot;}\">\n\t\t\t\t\t<div class=\"e-con-inner\">\n\t\t<div class=\"elementor-element elementor-element-5a630ad e-flex e-con-boxed e-con e-child\" data-id=\"5a630ad\" data-element_type=\"container\">\n\t\t\t\t\t<div class=\"e-con-inner\">\n\t\t<div class=\"elementor-element elementor-element-274d984 e-con-full e-flex e-con e-child\" data-id=\"274d984\" data-element_type=\"container\">\n\t\t\t\t<div class=\"elementor-element elementor-element-999f01c elementor-widget elementor-widget-heading\" data-id=\"999f01c\" data-element_type=\"widget\" data-widget_type=\"heading.default\">\n\t\t\t\t<div class=\"elementor-widget-container\">\n\t\t\t<h2 class=\"elementor-heading-title elementor-size-default\">\u00c9v\u00e9nements<\/h2>\t\t<\/div>\n\t\t\t\t<\/div>\n\t\t\t\t<div class=\"elementor-element elementor-element-07d2f17 elementor-widget elementor-widget-heading\" data-id=\"07d2f17\" data-element_type=\"widget\" data-widget_type=\"heading.default\">\n\t\t\t\t<div class=\"elementor-widget-container\">\n\t\t\t<h2 class=\"elementor-heading-title elementor-size-default\">Nos \u00e9v\u00e9nements r\u00e9centes<\/h2>\t\t<\/div>\n\t\t\t\t<\/div>\n\t\t\t\t<\/div>\n\t\t\t\t\t<\/div>\n\t\t\t\t<\/div>\n\t\t\t\t<div class=\"elementor-element elementor-element-bb7d716 elementor-grid-2 elementor-grid-tablet-1 elementor-grid-mobile-1 elementor-widget elementor-widget-loop-grid\" data-id=\"bb7d716\" data-element_type=\"widget\" data-settings=\"{&quot;template_id&quot;:&quot;3697&quot;,&quot;columns&quot;:2,&quot;row_gap&quot;:{&quot;unit&quot;:&quot;px&quot;,&quot;size&quot;:20,&quot;sizes&quot;:[]},&quot;columns_tablet&quot;:1,&quot;pagination_type&quot;:&quot;load_more_on_click&quot;,&quot;_skin&quot;:&quot;post&quot;,&quot;columns_mobile&quot;:&quot;1&quot;,&quot;edit_handle_selector&quot;:&quot;[data-elementor-type=\\&quot;loop-item\\&quot;]&quot;,&quot;load_more_spinner&quot;:{&quot;value&quot;:&quot;fas fa-spinner&quot;,&quot;library&quot;:&quot;fa-solid&quot;},&quot;row_gap_tablet&quot;:{&quot;unit&quot;:&quot;px&quot;,&quot;size&quot;:&quot;&quot;,&quot;sizes&quot;:[]},&quot;row_gap_mobile&quot;:{&quot;unit&quot;:&quot;px&quot;,&quot;size&quot;:&quot;&quot;,&quot;sizes&quot;:[]}}\" data-widget_type=\"loop-grid.post\">\n\t\t\t\t<div class=\"elementor-widget-container\">\n\t\t\t\t\t<div class=\"elementor-loop-container elementor-grid\">\n\t\t<style id=\"loop-dynamic-3697\">.e-loop-item-3565 .elementor-element.elementor-element-75ec7368:not(.elementor-motion-effects-element-type-background), .e-loop-item-3565 .elementor-element.elementor-element-75ec7368 > .elementor-motion-effects-container > .elementor-motion-effects-layer{background-image:url(\"https:\/\/afen.fr\/wp-content\/uploads\/2026\/07\/04feceee-30a0-4604-8a0d-e9e95582c868.avif\");}<\/style><style id=\"loop-3697\">.elementor-3697 .elementor-element.elementor-element-664dcfd3{--display:flex;--flex-direction:column;--container-widget-width:100%;--container-widget-height:initial;--container-widget-flex-grow:0;--container-widget-align-self:initial;--flex-wrap-mobile:wrap;--gap:0px 0px;--flex-wrap:nowrap;--overflow:hidden;--background-transition:0.3s;--border-radius:20px 20px 20px 20px;--padding-top:0px;--padding-bottom:0px;--padding-left:0px;--padding-right:0px;}.elementor-3697 .elementor-element.elementor-element-664dcfd3:not(.elementor-motion-effects-element-type-background), .elementor-3697 .elementor-element.elementor-element-664dcfd3 > .elementor-motion-effects-container > .elementor-motion-effects-layer{background-color:#FFFFFF;}.elementor-3697 .elementor-element.elementor-element-664dcfd3, .elementor-3697 .elementor-element.elementor-element-664dcfd3::before{--border-transition:0.3s;}.elementor-3697 .elementor-element.elementor-element-664dcfd3.e-con{--flex-grow:0;--flex-shrink:0;}.elementor-3697 .elementor-element.elementor-element-75ec7368{--display:flex;--min-height:300px;--background-transition:0.3s;}.elementor-3697 .elementor-element.elementor-element-75ec7368:not(.elementor-motion-effects-element-type-background), .elementor-3697 .elementor-element.elementor-element-75ec7368 > .elementor-motion-effects-container > .elementor-motion-effects-layer{background-position:center center;background-size:cover;}.elementor-3697 .elementor-element.elementor-element-75ec7368, .elementor-3697 .elementor-element.elementor-element-75ec7368::before{--border-transition:0.3s;}.elementor-3697 .elementor-element.elementor-element-b284669{--display:flex;--gap:0px 0px;--background-transition:0.3s;--padding-top:30px;--padding-bottom:30px;--padding-left:30px;--padding-right:30px;}.elementor-3697 .elementor-element.elementor-element-8b51ce4 .elementor-icon-list-items:not(.elementor-inline-items) .elementor-icon-list-item:not(:last-child){padding-bottom:calc(1.2em\/2);}.elementor-3697 .elementor-element.elementor-element-8b51ce4 .elementor-icon-list-items:not(.elementor-inline-items) .elementor-icon-list-item:not(:first-child){margin-top:calc(1.2em\/2);}.elementor-3697 .elementor-element.elementor-element-8b51ce4 .elementor-icon-list-items.elementor-inline-items .elementor-icon-list-item{margin-right:calc(1.2em\/2);margin-left:calc(1.2em\/2);}.elementor-3697 .elementor-element.elementor-element-8b51ce4 .elementor-icon-list-items.elementor-inline-items{margin-right:calc(-1.2em\/2);margin-left:calc(-1.2em\/2);}body.rtl .elementor-3697 .elementor-element.elementor-element-8b51ce4 .elementor-icon-list-items.elementor-inline-items .elementor-icon-list-item:after{left:calc(-1.2em\/2);}body:not(.rtl) .elementor-3697 .elementor-element.elementor-element-8b51ce4 .elementor-icon-list-items.elementor-inline-items .elementor-icon-list-item:after{right:calc(-1.2em\/2);}.elementor-3697 .elementor-element.elementor-element-8b51ce4 .elementor-icon-list-icon i{color:var( --e-global-color-secondary );}.elementor-3697 .elementor-element.elementor-element-8b51ce4 .elementor-icon-list-icon svg{fill:var( --e-global-color-secondary );}body:not(.rtl) .elementor-3697 .elementor-element.elementor-element-8b51ce4 .elementor-icon-list-text{padding-left:6px;}body.rtl .elementor-3697 .elementor-element.elementor-element-8b51ce4 .elementor-icon-list-text{padding-right:6px;}.elementor-3697 .elementor-element.elementor-element-8b51ce4 .elementor-icon-list-text, .elementor-3697 .elementor-element.elementor-element-8b51ce4 .elementor-icon-list-text a{color:var( --e-global-color-f48b165 );}.elementor-3697 .elementor-element.elementor-element-8b51ce4 .elementor-icon-list-item{font-size:0.9em;font-weight:500;}.elementor-3697 .elementor-element.elementor-element-8b51ce4 > .elementor-widget-container{margin:0px 0px 10px 0px;}.elementor-3697 .elementor-element.elementor-element-42c7bbc1 > .elementor-widget-container{margin:0px 0px 10px 0px;}.elementor-3697 .elementor-element.elementor-element-518819a7 > .elementor-widget-container{margin:0px 0px 20px 0px;}.elementor-3697 .elementor-element.elementor-element-db691f0 .elementor-button-content-wrapper{flex-direction:row-reverse;}.elementor-3697 .elementor-element.elementor-element-db691f0 .elementor-button .elementor-button-content-wrapper{gap:12px;}.elementor-3697 .elementor-element.elementor-element-db691f0 .elementor-button{font-size:1em;border-radius:8px 8px 8px 8px;padding:10px 17px 10px 17px;}@media(max-width:767px){.elementor-3697 .elementor-element.elementor-element-664dcfd3{--flex-direction:column;--container-widget-width:100%;--container-widget-height:initial;--container-widget-flex-grow:0;--container-widget-align-self:initial;--flex-wrap-mobile:wrap;}.elementor-3697 .elementor-element.elementor-element-75ec7368{--min-height:150px;}.elementor-3697 .elementor-element.elementor-element-b284669{--padding-top:20px;--padding-bottom:20px;--padding-left:20px;--padding-right:20px;}}@media(min-width:768px){.elementor-3697 .elementor-element.elementor-element-664dcfd3{--width:100%;}.elementor-3697 .elementor-element.elementor-element-b284669{--width:100%;}}\/* Start custom CSS for text-editor, class: .elementor-element-518819a7 *\/.elementor-3697 .elementor-element.elementor-element-518819a7 p{\n    margin: 0\n}\/* End custom CSS *\/<\/style>\t\t<div data-elementor-type=\"loop-item\" data-elementor-id=\"3697\" class=\"elementor elementor-3697 e-loop-item e-loop-item-3565 post-3565 events type-events status-publish hentry\" data-elementor-post-type=\"elementor_library\" data-custom-edit-handle=\"1\">\n\t\t\t<div class=\"elementor-element elementor-element-664dcfd3 e-con-full e-flex e-con e-parent\" data-id=\"664dcfd3\" data-element_type=\"container\" data-settings=\"{&quot;background_background&quot;:&quot;classic&quot;}\">\n\t\t<div class=\"elementor-element elementor-element-75ec7368 e-con-full e-flex e-con e-child\" data-id=\"75ec7368\" data-element_type=\"container\" data-settings=\"{&quot;background_background&quot;:&quot;classic&quot;}\">\n\t\t\t\t<\/div>\n\t\t<div class=\"elementor-element elementor-element-b284669 e-con-full e-flex e-con e-child\" data-id=\"b284669\" data-element_type=\"container\">\n\t\t\t\t<div class=\"elementor-element elementor-element-42c7bbc1 elementor-widget elementor-widget-heading\" data-id=\"42c7bbc1\" data-element_type=\"widget\" data-widget_type=\"heading.default\">\n\t\t\t\t<div class=\"elementor-widget-container\">\n\t\t\t<h3 class=\"elementor-heading-title elementor-size-default\">Rencontres de l&rsquo;\u00c9limination du Carbone 2025<\/h3>\t\t<\/div>\n\t\t\t\t<\/div>\n\t\t\t\t<div class=\"elementor-element elementor-element-518819a7 elementor-widget elementor-widget-text-editor\" data-id=\"518819a7\" data-element_type=\"widget\" data-widget_type=\"text-editor.default\">\n\t\t\t\t<div class=\"elementor-widget-container\">\n\t\t\t\t\t\t\tL\u2019AFEN ORGANISE LES Rencontres de l\u2019\u00c9limination du Carbone 2025\u200b14 &amp; 15 Octobre 2025 \u2013 Paris Apr\u00e8s le succ\u00e8s de l\u2019\u00e9dition 2024, l\u2019AFEN r\u00e9unit les acteurs cl\u00e9s de l\u2019\u00e9limination du carbone pour deux journ\u00e9es d\u2019\u00e9changes strat\u00e9giques. Cet \u00e9v\u00e9nement rassemble institutions publiques, grands groupes, investisseurs, chercheurs et startups autour d\u2019une ambition commune : acc\u00e9l\u00e9rer le d\u00e9ploiement des solutions de CDR en France.\r\n\t\t\t\t\t\t<\/div>\n\t\t\t\t<\/div>\n\t\t\t\t<div class=\"elementor-element elementor-element-db691f0 elementor-widget elementor-widget-button\" data-id=\"db691f0\" data-element_type=\"widget\" data-widget_type=\"button.default\">\n\t\t\t\t<div class=\"elementor-widget-container\">\n\t\t\t\t\t<div class=\"elementor-button-wrapper\">\n\t\t\t<a class=\"elementor-button elementor-button-link elementor-size-sm\" href=\"https:\/\/afen.fr\/edc25-speakers\/\" target=\"_blank\">\n\t\t\t\t\t\t<span class=\"elementor-button-content-wrapper\">\n\t\t\t\t\t\t<span class=\"elementor-button-icon\">\n\t\t\t\t<i aria-hidden=\"true\" class=\"afenicons afenicons-external-link\"><\/i>\t\t\t<\/span>\n\t\t\t\t\t\t\t\t\t<span class=\"elementor-button-text\">Acc\u00e9der \u00e0 l'\u00e9v\u00e9nement<\/span>\n\t\t\t\t\t<\/span>\n\t\t\t\t\t<\/a>\n\t\t<\/div>\n\t\t\t\t<\/div>\n\t\t\t\t<\/div>\n\t\t\t\t<\/div>\n\t\t\t\t<\/div>\n\t\t\t\t<\/div>\n\t\t<style id=\"loop-dynamic-3697\">.e-loop-item-2920 .elementor-element.elementor-element-75ec7368:not(.elementor-motion-effects-element-type-background), .e-loop-item-2920 .elementor-element.elementor-element-75ec7368 > .elementor-motion-effects-container > .elementor-motion-effects-layer{background-image:url(\"https:\/\/afen.fr\/wp-content\/uploads\/2025\/09\/Screenshot-2025-09-16-at-9.12.46\u202fPM.png\");}<\/style>\t\t<div data-elementor-type=\"loop-item\" data-elementor-id=\"3697\" class=\"elementor elementor-3697 e-loop-item e-loop-item-2920 post-2920 events type-events status-publish hentry\" data-elementor-post-type=\"elementor_library\" data-custom-edit-handle=\"1\">\n\t\t\t<div class=\"elementor-element elementor-element-664dcfd3 e-con-full e-flex e-con e-parent\" data-id=\"664dcfd3\" data-element_type=\"container\" data-settings=\"{&quot;background_background&quot;:&quot;classic&quot;}\">\n\t\t<div class=\"elementor-element elementor-element-75ec7368 e-con-full e-flex e-con e-child\" data-id=\"75ec7368\" data-element_type=\"container\" data-settings=\"{&quot;background_background&quot;:&quot;classic&quot;}\">\n\t\t\t\t<\/div>\n\t\t<div class=\"elementor-element elementor-element-b284669 e-con-full e-flex e-con e-child\" data-id=\"b284669\" data-element_type=\"container\">\n\t\t\t\t<div class=\"elementor-element elementor-element-42c7bbc1 elementor-widget elementor-widget-heading\" data-id=\"42c7bbc1\" data-element_type=\"widget\" data-widget_type=\"heading.default\">\n\t\t\t\t<div class=\"elementor-widget-container\">\n\t\t\t<h3 class=\"elementor-heading-title elementor-size-default\">BIG BPI France<\/h3>\t\t<\/div>\n\t\t\t\t<\/div>\n\t\t\t\t<div class=\"elementor-element elementor-element-518819a7 elementor-widget elementor-widget-text-editor\" data-id=\"518819a7\" data-element_type=\"widget\" data-widget_type=\"text-editor.default\">\n\t\t\t\t<div class=\"elementor-widget-container\">\n\t\t\t\t\t\t\tLe consensus scientifique est d\u00e9sormais sans appel : stabiliser le climat n\u00e9cessite de stopper au plus vite l\u2019augmentation de la concentration de CO2 dans l\u2019atmosph\u00e8re. Cela implique avant tout de r\u00e9duire drastiquement les \u00e9missions de carbone, mais cela ne suffira pas pour tenir les objectifs de l\u2019accord de Paris: il faudra \u00e9galement \u00e9liminer plusieurs milliards de tonnes de CO2 de l\u2019atmosph\u00e8re, notamment parce que certaines activit\u00e9s ne seront pas totalement d\u00e9carbonables mais aussi pour limiter le d\u00e9passement du budget carbone. Le d\u00e9fi est colossal pour y parvenir. Y a-t-il une technologie id\u00e9ale, sans risque et \u00e0 haut potentiel, ou faut-il parier sur un portefeuille de solutions diversifi\u00e9 ? Quel est le potentiel \u00e9conomique et y a-t-il des enjeux de souverainet\u00e9 ? Quel est le potentiel de la France et ses atouts ?\t\t\t\t\t\t<\/div>\n\t\t\t\t<\/div>\n\t\t\t\t<div class=\"elementor-element elementor-element-db691f0 elementor-widget elementor-widget-button\" data-id=\"db691f0\" data-element_type=\"widget\" data-widget_type=\"button.default\">\n\t\t\t\t<div class=\"elementor-widget-container\">\n\t\t\t\t\t<div class=\"elementor-button-wrapper\">\n\t\t\t<a class=\"elementor-button elementor-button-link elementor-size-sm\" href=\"https:\/\/big.bpifrance.fr\/fr\/session\/df516ecd-a22a-f011-8b3d-6045bd903b46\/eliminer-le-carbone-de-l-atmosphere-quelle-strategie-pour-la-france-\" target=\"_blank\">\n\t\t\t\t\t\t<span class=\"elementor-button-content-wrapper\">\n\t\t\t\t\t\t<span class=\"elementor-button-icon\">\n\t\t\t\t<i aria-hidden=\"true\" class=\"afenicons afenicons-external-link\"><\/i>\t\t\t<\/span>\n\t\t\t\t\t\t\t\t\t<span class=\"elementor-button-text\">Acc\u00e9der \u00e0 l'\u00e9v\u00e9nement<\/span>\n\t\t\t\t\t<\/span>\n\t\t\t\t\t<\/a>\n\t\t<\/div>\n\t\t\t\t<\/div>\n\t\t\t\t<\/div>\n\t\t\t\t<\/div>\n\t\t\t\t<\/div>\n\t\t\t\t<\/div>\n\t\t<style id=\"loop-dynamic-3697\">.e-loop-item-2918 .elementor-element.elementor-element-75ec7368:not(.elementor-motion-effects-element-type-background), .e-loop-item-2918 .elementor-element.elementor-element-75ec7368 > .elementor-motion-effects-container > .elementor-motion-effects-layer{background-image:url(\"https:\/\/afen.fr\/wp-content\/uploads\/2025\/09\/carre-1080x1080-PRODURABLE-2025.jpg\");}<\/style>\t\t<div data-elementor-type=\"loop-item\" data-elementor-id=\"3697\" class=\"elementor elementor-3697 e-loop-item e-loop-item-2918 post-2918 events type-events status-publish hentry\" data-elementor-post-type=\"elementor_library\" data-custom-edit-handle=\"1\">\n\t\t\t<div class=\"elementor-element elementor-element-664dcfd3 e-con-full e-flex e-con e-parent\" data-id=\"664dcfd3\" data-element_type=\"container\" data-settings=\"{&quot;background_background&quot;:&quot;classic&quot;}\">\n\t\t<div class=\"elementor-element elementor-element-75ec7368 e-con-full e-flex e-con e-child\" data-id=\"75ec7368\" data-element_type=\"container\" data-settings=\"{&quot;background_background&quot;:&quot;classic&quot;}\">\n\t\t\t\t<\/div>\n\t\t<div class=\"elementor-element elementor-element-b284669 e-con-full e-flex e-con e-child\" data-id=\"b284669\" data-element_type=\"container\">\n\t\t\t\t<div class=\"elementor-element elementor-element-42c7bbc1 elementor-widget elementor-widget-heading\" data-id=\"42c7bbc1\" data-element_type=\"widget\" data-widget_type=\"heading.default\">\n\t\t\t\t<div class=\"elementor-widget-container\">\n\t\t\t<h3 class=\"elementor-heading-title elementor-size-default\">Produrable<\/h3>\t\t<\/div>\n\t\t\t\t<\/div>\n\t\t\t\t<div class=\"elementor-element elementor-element-518819a7 elementor-widget elementor-widget-text-editor\" data-id=\"518819a7\" data-element_type=\"widget\" data-widget_type=\"text-editor.default\">\n\t\t\t\t<div class=\"elementor-widget-container\">\n\t\t\t\t\t\t\tPRODURABLE 2025 : une 18\u1d49 \u00e9dition plac\u00e9e sous le signe des \u00ab H\u00e9ritages \u00bb Les 8 et 9 octobre 2025, le Palais des Congr\u00e8s de Paris accueillera la 18\u1d49 \u00e9dition de PRODURABLE, le rendez-vous de r\u00e9f\u00e9rence des acteurs de l\u2019\u00e9conomie durable. Autour du th\u00e8me \u00ab H\u00e9ritages : prot\u00e9ger, restaurer, transmettre \u00bb, cette nouvelle \u00e9dition s\u2019inscrit dans un contexte o\u00f9 la transition \u00e9cologique, \u00e9conomique et sociale impose de repenser collectivement ce que nous souhaitons transmettre aux g\u00e9n\u00e9rations futures : des ressources, des savoir-faire, des valeurs, mais aussi des mod\u00e8les viables et r\u00e9silients. PRODURABLE 2025 r\u00e9unira plus de 15 000 visiteurs, 340 partenaires, 750 intervenants et proposera pr\u00e8s de 300 ateliers et tables rondes, ainsi que de nombreux temps forts. L\u2019exposition s\u2019organisera autour de trois villages th\u00e9matiques (Environnement, Social RH, Strat\u00e9gie &amp; Gouvernance) et de pavillons d\u00e9di\u00e9s (dont celui de Bpifrance), avec des parcours con\u00e7us pour accompagner toutes les typologies d\u2019organisations. PRODURABLE s\u2019impose comme un temps fort structurant pour \u00e9clairer les d\u00e9cisions strat\u00e9giques, faciliter le passage \u00e0 l\u2019action, f\u00e9d\u00e9rer les \u00e9cosyst\u00e8mes, et valoriser les initiatives durables. \ud83d\udccd Informations et inscription : www.produrable.com\r\n\t\t\t\t\t\t<\/div>\n\t\t\t\t<\/div>\n\t\t\t\t<div class=\"elementor-element elementor-element-db691f0 elementor-widget elementor-widget-button\" data-id=\"db691f0\" data-element_type=\"widget\" data-widget_type=\"button.default\">\n\t\t\t\t<div class=\"elementor-widget-container\">\n\t\t\t\t\t<div class=\"elementor-button-wrapper\">\n\t\t\t<a class=\"elementor-button elementor-button-link elementor-size-sm\" href=\"http:\/\/www.produrable.com\" target=\"_blank\">\n\t\t\t\t\t\t<span class=\"elementor-button-content-wrapper\">\n\t\t\t\t\t\t<span class=\"elementor-button-icon\">\n\t\t\t\t<i aria-hidden=\"true\" class=\"afenicons afenicons-external-link\"><\/i>\t\t\t<\/span>\n\t\t\t\t\t\t\t\t\t<span class=\"elementor-button-text\">Acc\u00e9der \u00e0 l'\u00e9v\u00e9nement<\/span>\n\t\t\t\t\t<\/span>\n\t\t\t\t\t<\/a>\n\t\t<\/div>\n\t\t\t\t<\/div>\n\t\t\t\t<\/div>\n\t\t\t\t<\/div>\n\t\t\t\t<\/div>\n\t\t\t\t<\/div>\n\t\t<style id=\"loop-dynamic-3697\">.e-loop-item-2703 .elementor-element.elementor-element-75ec7368:not(.elementor-motion-effects-element-type-background), .e-loop-item-2703 .elementor-element.elementor-element-75ec7368 > .elementor-motion-effects-container > .elementor-motion-effects-layer{background-image:url(\"https:\/\/afen.fr\/wp-content\/uploads\/2025\/02\/Screenshot-2025-02-17-at-9.07.33\u202fPM.png\");}<\/style>\t\t<div data-elementor-type=\"loop-item\" data-elementor-id=\"3697\" class=\"elementor elementor-3697 e-loop-item e-loop-item-2703 post-2703 events type-events status-publish hentry tags-ressources-elimination-dioxyde-carbone tags-ressources-mix-e\" data-elementor-post-type=\"elementor_library\" data-custom-edit-handle=\"1\">\n\t\t\t<div class=\"elementor-element elementor-element-664dcfd3 e-con-full e-flex e-con e-parent\" data-id=\"664dcfd3\" data-element_type=\"container\" data-settings=\"{&quot;background_background&quot;:&quot;classic&quot;}\">\n\t\t<div class=\"elementor-element elementor-element-75ec7368 e-con-full e-flex e-con e-child\" data-id=\"75ec7368\" data-element_type=\"container\" data-settings=\"{&quot;background_background&quot;:&quot;classic&quot;}\">\n\t\t\t\t<\/div>\n\t\t<div class=\"elementor-element elementor-element-b284669 e-con-full e-flex e-con e-child\" data-id=\"b284669\" data-element_type=\"container\">\n\t\t\t\t<div class=\"elementor-element elementor-element-8b51ce4 elementor-widget elementor-widget-post-info\" data-id=\"8b51ce4\" data-element_type=\"widget\" data-widget_type=\"post-info.default\">\n\t\t\t\t<div class=\"elementor-widget-container\">\n\t\t\t\t\t<ul class=\"elementor-inline-items elementor-icon-list-items elementor-post-info\">\n\t\t\t\t\t\t\t\t<li class=\"elementor-icon-list-item elementor-repeater-item-9120696 elementor-inline-item\" itemprop=\"about\">\n\t\t\t\t\t\t\t\t\t\t<span class=\"elementor-icon-list-icon\">\n\t\t\t\t\t\t\t\t<i aria-hidden=\"true\" class=\"afenicons afenicons-tag\"><\/i>\t\t\t\t\t\t\t<\/span>\n\t\t\t\t\t\t\t\t\t<span class=\"elementor-icon-list-text elementor-post-info__item elementor-post-info__item--type-terms\">\n\t\t\t\t\t\t\t\t\t\t<span class=\"elementor-post-info__terms-list\">\n\t\t\t\t<span class=\"elementor-post-info__terms-list-item\">Elimination Dioxyde Carbone<\/span>, <span class=\"elementor-post-info__terms-list-item\">MIX.E<\/span>\t\t\t\t<\/span>\n\t\t\t\t\t<\/span>\n\t\t\t\t\t\t\t\t<\/li>\n\t\t\t\t<\/ul>\n\t\t\t\t<\/div>\n\t\t\t\t<\/div>\n\t\t\t\t<div class=\"elementor-element elementor-element-42c7bbc1 elementor-widget elementor-widget-heading\" data-id=\"42c7bbc1\" data-element_type=\"widget\" data-widget_type=\"heading.default\">\n\t\t\t\t<div class=\"elementor-widget-container\">\n\t\t\t<h3 class=\"elementor-heading-title elementor-size-default\">MIX.E \u2013 Le RDV des \u00e9nergies bas carbone<\/h3>\t\t<\/div>\n\t\t\t\t<\/div>\n\t\t\t\t<div class=\"elementor-element elementor-element-518819a7 elementor-widget elementor-widget-text-editor\" data-id=\"518819a7\" data-element_type=\"widget\" data-widget_type=\"text-editor.default\">\n\t\t\t\t<div class=\"elementor-widget-container\">\n\t\t\t\t\t\t\tL\u2019\u00e9v\u00e9nement incontournable d\u00e9di\u00e9 aux solutions \u00e9nerg\u00e9tiques bas carbone et \u00e0 la souverainet\u00e9 \u00e9nerg\u00e9tique en Europe. MIX.E rassemble experts, d\u00e9cideurs et innovateurs pour acc\u00e9l\u00e9rer la transition \u00e9nerg\u00e9tique et r\u00e9pondre aux d\u00e9fis industriels et territoriaux. +200 intervenants et 100 conf\u00e9rences, Innovations et technologies pour un mix \u00e9nerg\u00e9tique durable, Networking et opportunit\u00e9s d\u2019affaires. D\u00e9couvrez-en plus sur https:\/\/mix-energy.com\/\t\t\t\t\t\t<\/div>\n\t\t\t\t<\/div>\n\t\t\t\t<div class=\"elementor-element elementor-element-db691f0 elementor-widget elementor-widget-button\" data-id=\"db691f0\" data-element_type=\"widget\" data-widget_type=\"button.default\">\n\t\t\t\t<div class=\"elementor-widget-container\">\n\t\t\t\t\t<div class=\"elementor-button-wrapper\">\n\t\t\t<a class=\"elementor-button elementor-button-link elementor-size-sm\" href=\"https:\/\/mix-energy.com\/\" target=\"_blank\">\n\t\t\t\t\t\t<span class=\"elementor-button-content-wrapper\">\n\t\t\t\t\t\t<span class=\"elementor-button-icon\">\n\t\t\t\t<i aria-hidden=\"true\" class=\"afenicons afenicons-external-link\"><\/i>\t\t\t<\/span>\n\t\t\t\t\t\t\t\t\t<span class=\"elementor-button-text\">Acc\u00e9der \u00e0 l'\u00e9v\u00e9nement<\/span>\n\t\t\t\t\t<\/span>\n\t\t\t\t\t<\/a>\n\t\t<\/div>\n\t\t\t\t<\/div>\n\t\t\t\t<\/div>\n\t\t\t\t<\/div>\n\t\t\t\t<\/div>\n\t\t\t\t<\/div>\n\t\t<style id=\"loop-dynamic-3697\">.e-loop-item-2663 .elementor-element.elementor-element-75ec7368:not(.elementor-motion-effects-element-type-background), .e-loop-item-2663 .elementor-element.elementor-element-75ec7368 > .elementor-motion-effects-container > .elementor-motion-effects-layer{background-image:url(\"https:\/\/afen.fr\/wp-content\/uploads\/2025\/01\/BEES-Bio360-2025-bann_250x250-02-FR-resx2.png\");}<\/style>\t\t<div data-elementor-type=\"loop-item\" data-elementor-id=\"3697\" class=\"elementor elementor-3697 e-loop-item e-loop-item-2663 post-2663 events type-events status-publish hentry tags-ressources-elimination-dioxyde-carbone tags-ressources-salon-bio360\" data-elementor-post-type=\"elementor_library\" data-custom-edit-handle=\"1\">\n\t\t\t<div class=\"elementor-element elementor-element-664dcfd3 e-con-full e-flex e-con e-parent\" data-id=\"664dcfd3\" data-element_type=\"container\" data-settings=\"{&quot;background_background&quot;:&quot;classic&quot;}\">\n\t\t<div class=\"elementor-element elementor-element-75ec7368 e-con-full e-flex e-con e-child\" data-id=\"75ec7368\" data-element_type=\"container\" data-settings=\"{&quot;background_background&quot;:&quot;classic&quot;}\">\n\t\t\t\t<\/div>\n\t\t<div class=\"elementor-element elementor-element-b284669 e-con-full e-flex e-con e-child\" data-id=\"b284669\" data-element_type=\"container\">\n\t\t\t\t<div class=\"elementor-element elementor-element-8b51ce4 elementor-widget elementor-widget-post-info\" data-id=\"8b51ce4\" data-element_type=\"widget\" data-widget_type=\"post-info.default\">\n\t\t\t\t<div class=\"elementor-widget-container\">\n\t\t\t\t\t<ul class=\"elementor-inline-items elementor-icon-list-items elementor-post-info\">\n\t\t\t\t\t\t\t\t<li class=\"elementor-icon-list-item elementor-repeater-item-9120696 elementor-inline-item\" itemprop=\"about\">\n\t\t\t\t\t\t\t\t\t\t<span class=\"elementor-icon-list-icon\">\n\t\t\t\t\t\t\t\t<i aria-hidden=\"true\" class=\"afenicons afenicons-tag\"><\/i>\t\t\t\t\t\t\t<\/span>\n\t\t\t\t\t\t\t\t\t<span class=\"elementor-icon-list-text elementor-post-info__item elementor-post-info__item--type-terms\">\n\t\t\t\t\t\t\t\t\t\t<span class=\"elementor-post-info__terms-list\">\n\t\t\t\t<span class=\"elementor-post-info__terms-list-item\">Elimination Dioxyde Carbone<\/span>, <span class=\"elementor-post-info__terms-list-item\">Salon Bio360<\/span>\t\t\t\t<\/span>\n\t\t\t\t\t<\/span>\n\t\t\t\t\t\t\t\t<\/li>\n\t\t\t\t<\/ul>\n\t\t\t\t<\/div>\n\t\t\t\t<\/div>\n\t\t\t\t<div class=\"elementor-element elementor-element-42c7bbc1 elementor-widget elementor-widget-heading\" data-id=\"42c7bbc1\" data-element_type=\"widget\" data-widget_type=\"heading.default\">\n\t\t\t\t<div class=\"elementor-widget-container\">\n\t\t\t<h3 class=\"elementor-heading-title elementor-size-default\">Bio360 2025 \u00e0 Nantes &#8211; l&rsquo;\u00e9v\u00e9nement Biotransition<\/h3>\t\t<\/div>\n\t\t\t\t<\/div>\n\t\t\t\t<div class=\"elementor-element elementor-element-518819a7 elementor-widget elementor-widget-text-editor\" data-id=\"518819a7\" data-element_type=\"widget\" data-widget_type=\"text-editor.default\">\n\t\t\t\t<div class=\"elementor-widget-container\">\n\t\t\t\t\t\t\tBio360 est un point de convergence international comprenant un grand salon international et un programme de conf\u00e9rences \u00e0 plusieurs volets d\u00e9di\u00e9s \u00e0 la promotion de la bio\u00e9nergie, de la bio\u00e9conomie et de la capture du carbone atmosph\u00e9rique. Plusieurs membres de l\u2019AFEN y seront pr\u00e9sents et notre Vice Pr\u00e9sident Karim Rahmani sera \u00e9galement dans un des panels de l\u2019\u00e9v\u00e9nement. D\u00e9couvrez-en plus sur www.bio360expo.com\t\t\t\t\t\t<\/div>\n\t\t\t\t<\/div>\n\t\t\t\t<div class=\"elementor-element elementor-element-db691f0 elementor-widget elementor-widget-button\" data-id=\"db691f0\" data-element_type=\"widget\" data-widget_type=\"button.default\">\n\t\t\t\t<div class=\"elementor-widget-container\">\n\t\t\t\t\t<div class=\"elementor-button-wrapper\">\n\t\t\t<a class=\"elementor-button elementor-button-link elementor-size-sm\" href=\"http:\/\/www.bio360expo.com\" target=\"_blank\">\n\t\t\t\t\t\t<span class=\"elementor-button-content-wrapper\">\n\t\t\t\t\t\t<span class=\"elementor-button-icon\">\n\t\t\t\t<i aria-hidden=\"true\" class=\"afenicons afenicons-external-link\"><\/i>\t\t\t<\/span>\n\t\t\t\t\t\t\t\t\t<span class=\"elementor-button-text\">Acc\u00e9der \u00e0 l'\u00e9v\u00e9nement<\/span>\n\t\t\t\t\t<\/span>\n\t\t\t\t\t<\/a>\n\t\t<\/div>\n\t\t\t\t<\/div>\n\t\t\t\t<\/div>\n\t\t\t\t<\/div>\n\t\t\t\t<\/div>\n\t\t\t\t<\/div>\n\t\t<style id=\"loop-dynamic-3697\">.e-loop-item-1608 .elementor-element.elementor-element-75ec7368:not(.elementor-motion-effects-element-type-background), .e-loop-item-1608 .elementor-element.elementor-element-75ec7368 > .elementor-motion-effects-container > .elementor-motion-effects-layer{background-image:url(\"https:\/\/afen.fr\/wp-content\/uploads\/2024\/04\/1712227821833.jpg\");}<\/style>\t\t<div data-elementor-type=\"loop-item\" data-elementor-id=\"3697\" class=\"elementor elementor-3697 e-loop-item e-loop-item-1608 post-1608 events type-events status-publish hentry tags-ressources-elimination-dioxyde-carbone tags-ressources-europe\" data-elementor-post-type=\"elementor_library\" data-custom-edit-handle=\"1\">\n\t\t\t<div class=\"elementor-element elementor-element-664dcfd3 e-con-full e-flex e-con e-parent\" data-id=\"664dcfd3\" data-element_type=\"container\" data-settings=\"{&quot;background_background&quot;:&quot;classic&quot;}\">\n\t\t<div class=\"elementor-element elementor-element-75ec7368 e-con-full e-flex e-con e-child\" data-id=\"75ec7368\" data-element_type=\"container\" data-settings=\"{&quot;background_background&quot;:&quot;classic&quot;}\">\n\t\t\t\t<\/div>\n\t\t<div class=\"elementor-element elementor-element-b284669 e-con-full e-flex e-con e-child\" data-id=\"b284669\" data-element_type=\"container\">\n\t\t\t\t<div class=\"elementor-element elementor-element-8b51ce4 elementor-widget elementor-widget-post-info\" data-id=\"8b51ce4\" data-element_type=\"widget\" data-widget_type=\"post-info.default\">\n\t\t\t\t<div class=\"elementor-widget-container\">\n\t\t\t\t\t<ul class=\"elementor-inline-items elementor-icon-list-items elementor-post-info\">\n\t\t\t\t\t\t\t\t<li class=\"elementor-icon-list-item elementor-repeater-item-9120696 elementor-inline-item\" itemprop=\"about\">\n\t\t\t\t\t\t\t\t\t\t<span class=\"elementor-icon-list-icon\">\n\t\t\t\t\t\t\t\t<i aria-hidden=\"true\" class=\"afenicons afenicons-tag\"><\/i>\t\t\t\t\t\t\t<\/span>\n\t\t\t\t\t\t\t\t\t<span class=\"elementor-icon-list-text elementor-post-info__item elementor-post-info__item--type-terms\">\n\t\t\t\t\t\t\t\t\t\t<span class=\"elementor-post-info__terms-list\">\n\t\t\t\t<span class=\"elementor-post-info__terms-list-item\">Elimination Dioxyde Carbone<\/span>, <span class=\"elementor-post-info__terms-list-item\">Europe<\/span>\t\t\t\t<\/span>\n\t\t\t\t\t<\/span>\n\t\t\t\t\t\t\t\t<\/li>\n\t\t\t\t<\/ul>\n\t\t\t\t<\/div>\n\t\t\t\t<\/div>\n\t\t\t\t<div class=\"elementor-element elementor-element-42c7bbc1 elementor-widget elementor-widget-heading\" data-id=\"42c7bbc1\" data-element_type=\"widget\" data-widget_type=\"heading.default\">\n\t\t\t\t<div class=\"elementor-widget-container\">\n\t\t\t<h3 class=\"elementor-heading-title elementor-size-default\">Webinar &#8211; L&rsquo;\u00e9limination du carbone et la voie vers le net z\u00e9ro<\/h3>\t\t<\/div>\n\t\t\t\t<\/div>\n\t\t\t\t<div class=\"elementor-element elementor-element-518819a7 elementor-widget elementor-widget-text-editor\" data-id=\"518819a7\" data-element_type=\"widget\" data-widget_type=\"text-editor.default\">\n\t\t\t\t<div class=\"elementor-widget-container\">\n\t\t\t\t\t\t\tLe 29 avril, plongez au c\u0153ur des enjeux et opportunit\u00e9s des \u00e9lections europ\u00e9ennes pour la fili\u00e8re de l\u2019\u00e9limination du carbone (EDC) lors du webinar organis\u00e9 par la Negative Emissions Platform avec Julie GOSALVEZ, pr\u00e9sidente de l\u2019AFEN, l\u2019eurod\u00e9put\u00e9e L\u00eddia Pereira, Fabien Ramos de la Commission Europ\u00e9enne, Valter Sel\u00e9n de Carbon Gap et Elisabeth Harding de Negative Emissions Platform.\t\t\t\t\t\t<\/div>\n\t\t\t\t<\/div>\n\t\t\t\t<div class=\"elementor-element elementor-element-db691f0 elementor-widget elementor-widget-button\" data-id=\"db691f0\" data-element_type=\"widget\" data-widget_type=\"button.default\">\n\t\t\t\t<div class=\"elementor-widget-container\">\n\t\t\t\t\t<div class=\"elementor-button-wrapper\">\n\t\t\t<a class=\"elementor-button elementor-button-link elementor-size-sm\" href=\"https:\/\/events.teams.microsoft.com\/event\/bd9c2d2d-9ae6-4856-b199-babf52c3c621@1b166797-1b1d-44e9-9334-14bacf14c1d9\" target=\"_blank\">\n\t\t\t\t\t\t<span class=\"elementor-button-content-wrapper\">\n\t\t\t\t\t\t<span class=\"elementor-button-icon\">\n\t\t\t\t<i aria-hidden=\"true\" class=\"afenicons afenicons-external-link\"><\/i>\t\t\t<\/span>\n\t\t\t\t\t\t\t\t\t<span class=\"elementor-button-text\">Acc\u00e9der \u00e0 l'\u00e9v\u00e9nement<\/span>\n\t\t\t\t\t<\/span>\n\t\t\t\t\t<\/a>\n\t\t<\/div>\n\t\t\t\t<\/div>\n\t\t\t\t<\/div>\n\t\t\t\t<\/div>\n\t\t\t\t<\/div>\n\t\t\t\t<\/div>\n\t\t\t\t<\/div>\n\t\t\t\t\t<span class=\"e-load-more-spinner\">\n\t\t\t\t<svg aria-hidden=\"true\" class=\"e-font-icon-svg e-fas-spinner\" viewBox=\"0 0 512 512\" xmlns=\"http:\/\/www.w3.org\/2000\/svg\"><path d=\"M304 48c0 26.51-21.49 48-48 48s-48-21.49-48-48 21.49-48 48-48 48 21.49 48 48zm-48 368c-26.51 0-48 21.49-48 48s21.49 48 48 48 48-21.49 48-48-21.49-48-48-48zm208-208c-26.51 0-48 21.49-48 48s21.49 48 48 48 48-21.49 48-48-21.49-48-48-48zM96 256c0-26.51-21.49-48-48-48S0 229.49 0 256s21.49 48 48 48 48-21.49 48-48zm12.922 99.078c-26.51 0-48 21.49-48 48s21.49 48 48 48 48-21.49 48-48c0-26.509-21.491-48-48-48zm294.156 0c-26.51 0-48 21.49-48 48s21.49 48 48 48 48-21.49 48-48c0-26.509-21.49-48-48-48zM108.922 60.922c-26.51 0-48 21.49-48 48s21.49 48 48 48 48-21.49 48-48-21.491-48-48-48z\"><\/path><\/svg>\t\t\t<\/span>\n\t\t\n\t\t\t\t<\/div>\n\t\t\t\t<\/div>\n\t\t\t\t\t<\/div>\n\t\t\t\t<\/div>\n\t\t<div class=\"elementor-element elementor-element-b459970 e-flex e-con-boxed e-con e-parent\" data-id=\"b459970\" data-element_type=\"container\" id=\"presse\">\n\t\t\t\t\t<div class=\"e-con-inner\">\n\t\t<div class=\"elementor-element elementor-element-bfc02aa e-flex e-con-boxed e-con e-child\" data-id=\"bfc02aa\" data-element_type=\"container\">\n\t\t\t\t\t<div class=\"e-con-inner\">\n\t\t<div class=\"elementor-element elementor-element-cfe3825 e-con-full e-flex e-con e-child\" data-id=\"cfe3825\" data-element_type=\"container\">\n\t\t\t\t<div class=\"elementor-element elementor-element-c46a456 elementor-widget elementor-widget-heading\" data-id=\"c46a456\" data-element_type=\"widget\" data-widget_type=\"heading.default\">\n\t\t\t\t<div class=\"elementor-widget-container\">\n\t\t\t<h2 class=\"elementor-heading-title elementor-size-default\">Revue de presse<\/h2>\t\t<\/div>\n\t\t\t\t<\/div>\n\t\t\t\t<div class=\"elementor-element elementor-element-58e214a elementor-widget elementor-widget-heading\" data-id=\"58e214a\" data-element_type=\"widget\" data-widget_type=\"heading.default\">\n\t\t\t\t<div class=\"elementor-widget-container\">\n\t\t\t<h2 class=\"elementor-heading-title elementor-size-default\">Ils parlent de nous<\/h2>\t\t<\/div>\n\t\t\t\t<\/div>\n\t\t\t\t<\/div>\n\t\t\t\t\t<\/div>\n\t\t\t\t<\/div>\n\t\t\t\t<div class=\"elementor-element elementor-element-e632f58 elementor-grid-3 elementor-grid-tablet-2 elementor-grid-mobile-1 elementor-widget elementor-widget-loop-grid\" data-id=\"e632f58\" data-element_type=\"widget\" data-settings=\"{&quot;template_id&quot;:&quot;389&quot;,&quot;pagination_type&quot;:&quot;load_more_on_click&quot;,&quot;_skin&quot;:&quot;post&quot;,&quot;columns&quot;:&quot;3&quot;,&quot;columns_tablet&quot;:&quot;2&quot;,&quot;columns_mobile&quot;:&quot;1&quot;,&quot;edit_handle_selector&quot;:&quot;[data-elementor-type=\\&quot;loop-item\\&quot;]&quot;,&quot;load_more_spinner&quot;:{&quot;value&quot;:&quot;fas fa-spinner&quot;,&quot;library&quot;:&quot;fa-solid&quot;},&quot;row_gap&quot;:{&quot;unit&quot;:&quot;px&quot;,&quot;size&quot;:&quot;&quot;,&quot;sizes&quot;:[]},&quot;row_gap_tablet&quot;:{&quot;unit&quot;:&quot;px&quot;,&quot;size&quot;:&quot;&quot;,&quot;sizes&quot;:[]},&quot;row_gap_mobile&quot;:{&quot;unit&quot;:&quot;px&quot;,&quot;size&quot;:&quot;&quot;,&quot;sizes&quot;:[]}}\" data-widget_type=\"loop-grid.post\">\n\t\t\t\t<div class=\"elementor-widget-container\">\n\t\t\t\t\t<div class=\"elementor-loop-container elementor-grid\">\n\t\t<style id=\"loop-389\">.elementor-389 .elementor-element.elementor-element-b106051{--display:flex;--flex-direction:row;--container-widget-width:initial;--container-widget-height:100%;--container-widget-flex-grow:1;--container-widget-align-self:stretch;--flex-wrap-mobile:wrap;--gap:20px 20px;--background-transition:0.3s;--padding-top:0px;--padding-bottom:0px;--padding-left:0px;--padding-right:0px;}.elementor-389 .elementor-element.elementor-element-a11e6bc{--display:flex;--flex-direction:column;--container-widget-width:100%;--container-widget-height:initial;--container-widget-flex-grow:0;--container-widget-align-self:initial;--flex-wrap-mobile:wrap;--background-transition:0.3s;--padding-top:0px;--padding-bottom:0px;--padding-left:0px;--padding-right:0px;}.elementor-389 .elementor-element.elementor-element-a11e6bc.e-con{--flex-grow:0;--flex-shrink:0;}.elementor-389 .elementor-element.elementor-element-97a695a img{width:77px;height:77px;object-fit:cover;object-position:center center;border-radius:99px 99px 99px 99px;}.elementor-389 .elementor-element.elementor-element-97a695a{width:auto;max-width:auto;}.elementor-389 .elementor-element.elementor-element-e3a3c9e{--display:flex;--flex-direction:column;--container-widget-width:100%;--container-widget-height:initial;--container-widget-flex-grow:0;--container-widget-align-self:initial;--flex-wrap-mobile:wrap;--background-transition:0.3s;--padding-top:0px;--padding-bottom:0px;--padding-left:0px;--padding-right:0px;}.elementor-389 .elementor-element.elementor-element-825a4dd .elementor-button-content-wrapper{flex-direction:row-reverse;}.elementor-389 .elementor-element.elementor-element-825a4dd .elementor-button .elementor-button-content-wrapper{gap:12px;}.elementor-389 .elementor-element.elementor-element-825a4dd .elementor-button{font-size:1em;border-radius:8px 8px 8px 8px;padding:10px 17px 10px 17px;}@media(min-width:768px){.elementor-389 .elementor-element.elementor-element-a11e6bc{--width:77px;}.elementor-389 .elementor-element.elementor-element-e3a3c9e{--width:100%;}}@media(max-width:767px){.elementor-389 .elementor-element.elementor-element-b106051{--align-items:center;--container-widget-width:calc( ( 1 - var( --container-widget-flex-grow ) ) * 100% );}.elementor-389 .elementor-element.elementor-element-28d37e4{text-align:center;}}<\/style>\t\t<div data-elementor-type=\"loop-item\" data-elementor-id=\"389\" class=\"elementor elementor-389 e-loop-item e-loop-item-3518 post-3518 presse type-presse status-publish hentry\" data-elementor-post-type=\"elementor_library\" data-custom-edit-handle=\"1\">\n\t\t\t<div class=\"elementor-element elementor-element-b106051 e-flex e-con-boxed e-con e-parent\" data-id=\"b106051\" data-element_type=\"container\">\n\t\t\t\t\t<div class=\"e-con-inner\">\n\t\t<div class=\"elementor-element elementor-element-a11e6bc e-con-full e-flex e-con e-child\" data-id=\"a11e6bc\" data-element_type=\"container\">\n\t\t\t\t<div class=\"elementor-element elementor-element-97a695a elementor-widget__width-auto elementor-widget elementor-widget-image\" data-id=\"97a695a\" data-element_type=\"widget\" data-widget_type=\"image.default\">\n\t\t\t\t<div class=\"elementor-widget-container\">\n\t\t\t\t\t\t\t\t\t\t\t\t\t<img fetchpriority=\"high\" decoding=\"async\" width=\"300\" height=\"300\" src=\"https:\/\/afen.fr\/wp-content\/uploads\/2026\/07\/5bf2be19d034a-300x300.webp\" class=\"attachment-medium size-medium wp-image-3519\" alt=\"\" srcset=\"https:\/\/afen.fr\/wp-content\/uploads\/2026\/07\/5bf2be19d034a-300x300.webp 300w, https:\/\/afen.fr\/wp-content\/uploads\/2026\/07\/5bf2be19d034a-150x150.webp 150w, https:\/\/afen.fr\/wp-content\/uploads\/2026\/07\/5bf2be19d034a-12x12.webp 12w, https:\/\/afen.fr\/wp-content\/uploads\/2026\/07\/5bf2be19d034a.webp 400w\" sizes=\"(max-width: 300px) 100vw, 300px\" \/>\t\t\t\t\t\t\t\t\t\t\t\t\t<\/div>\n\t\t\t\t<\/div>\n\t\t\t\t<\/div>\n\t\t<div class=\"elementor-element elementor-element-e3a3c9e e-con-full e-flex e-con e-child\" data-id=\"e3a3c9e\" data-element_type=\"container\">\n\t\t\t\t<div class=\"elementor-element elementor-element-28d37e4 elementor-widget elementor-widget-heading\" data-id=\"28d37e4\" data-element_type=\"widget\" data-widget_type=\"heading.default\">\n\t\t\t\t<div class=\"elementor-widget-container\">\n\t\t\t<h3 class=\"elementor-heading-title elementor-size-default\">\u00ab R\u00e9duire les \u00e9missions, c&rsquo;est fermer le robinet. Mais qui va vider la baignoire ? \u00bb : \u00ab La France ne doit pas oublier le chantier de l&rsquo;\u00e9limination du carbone \u00bb<\/h3>\t\t<\/div>\n\t\t\t\t<\/div>\n\t\t\t\t<div class=\"elementor-element elementor-element-825a4dd elementor-mobile-align-center elementor-widget elementor-widget-button\" data-id=\"825a4dd\" data-element_type=\"widget\" data-widget_type=\"button.default\">\n\t\t\t\t<div class=\"elementor-widget-container\">\n\t\t\t\t\t<div class=\"elementor-button-wrapper\">\n\t\t\t<a class=\"elementor-button elementor-button-link elementor-size-sm\" href=\"https:\/\/www.lesechos.fr\/idees-debats\/cercle\/reduire-les-emissions-cest-fermer-le-robinet-mais-qui-va-vider-la-baignoire-la-france-ne-doit-pas-oublier-le-chantier-de-lelimination-du-carbone-2241322\" target=\"_blank\">\n\t\t\t\t\t\t<span class=\"elementor-button-content-wrapper\">\n\t\t\t\t\t\t<span class=\"elementor-button-icon\">\n\t\t\t\t<i aria-hidden=\"true\" class=\"afenicons afenicons-external-link\"><\/i>\t\t\t<\/span>\n\t\t\t\t\t\t\t\t\t<span class=\"elementor-button-text\">Lire l'article<\/span>\n\t\t\t\t\t<\/span>\n\t\t\t\t\t<\/a>\n\t\t<\/div>\n\t\t\t\t<\/div>\n\t\t\t\t<\/div>\n\t\t\t\t<\/div>\n\t\t\t\t\t<\/div>\n\t\t\t\t<\/div>\n\t\t\t\t<\/div>\n\t\t\t\t<div data-elementor-type=\"loop-item\" data-elementor-id=\"389\" class=\"elementor elementor-389 e-loop-item e-loop-item-2913 post-2913 presse type-presse status-publish hentry\" data-elementor-post-type=\"elementor_library\" data-custom-edit-handle=\"1\">\n\t\t\t<div class=\"elementor-element elementor-element-b106051 e-flex e-con-boxed e-con e-parent\" data-id=\"b106051\" data-element_type=\"container\">\n\t\t\t\t\t<div class=\"e-con-inner\">\n\t\t<div class=\"elementor-element elementor-element-a11e6bc e-con-full e-flex e-con e-child\" data-id=\"a11e6bc\" data-element_type=\"container\">\n\t\t\t\t<div class=\"elementor-element elementor-element-97a695a elementor-widget__width-auto elementor-widget elementor-widget-image\" data-id=\"97a695a\" data-element_type=\"widget\" data-widget_type=\"image.default\">\n\t\t\t\t<div class=\"elementor-widget-container\">\n\t\t\t\t\t\t\t\t\t\t\t\t\t<img decoding=\"async\" width=\"300\" height=\"300\" src=\"https:\/\/afen.fr\/wp-content\/uploads\/2025\/09\/5bf2be19d034a-300x300.jpg\" class=\"attachment-medium size-medium wp-image-2915\" alt=\"\" srcset=\"https:\/\/afen.fr\/wp-content\/uploads\/2025\/09\/5bf2be19d034a-300x300.jpg 300w, https:\/\/afen.fr\/wp-content\/uploads\/2025\/09\/5bf2be19d034a-150x150.jpg 150w, https:\/\/afen.fr\/wp-content\/uploads\/2025\/09\/5bf2be19d034a-12x12.jpg 12w, https:\/\/afen.fr\/wp-content\/uploads\/2025\/09\/5bf2be19d034a.jpg 400w\" sizes=\"(max-width: 300px) 100vw, 300px\" \/>\t\t\t\t\t\t\t\t\t\t\t\t\t<\/div>\n\t\t\t\t<\/div>\n\t\t\t\t<\/div>\n\t\t<div class=\"elementor-element elementor-element-e3a3c9e e-con-full e-flex e-con e-child\" data-id=\"e3a3c9e\" data-element_type=\"container\">\n\t\t\t\t<div class=\"elementor-element elementor-element-28d37e4 elementor-widget elementor-widget-heading\" data-id=\"28d37e4\" data-element_type=\"widget\" data-widget_type=\"heading.default\">\n\t\t\t\t<div class=\"elementor-widget-container\">\n\t\t\t<h3 class=\"elementor-heading-title elementor-size-default\">Stockage du CO2 : \u00ab La France a le potentiel d&rsquo;un leader ! \u00bb<\/h3>\t\t<\/div>\n\t\t\t\t<\/div>\n\t\t\t\t<div class=\"elementor-element elementor-element-825a4dd elementor-mobile-align-center elementor-widget elementor-widget-button\" data-id=\"825a4dd\" data-element_type=\"widget\" data-widget_type=\"button.default\">\n\t\t\t\t<div class=\"elementor-widget-container\">\n\t\t\t\t\t<div class=\"elementor-button-wrapper\">\n\t\t\t<a class=\"elementor-button elementor-button-link elementor-size-sm\" href=\"https:\/\/www.lesechos.fr\/idees-debats\/cercle\/stockage-du-co2-la-france-a-le-potentiel-dun-leader-2184812\" target=\"_blank\">\n\t\t\t\t\t\t<span class=\"elementor-button-content-wrapper\">\n\t\t\t\t\t\t<span class=\"elementor-button-icon\">\n\t\t\t\t<i aria-hidden=\"true\" class=\"afenicons afenicons-external-link\"><\/i>\t\t\t<\/span>\n\t\t\t\t\t\t\t\t\t<span class=\"elementor-button-text\">Lire l'article<\/span>\n\t\t\t\t\t<\/span>\n\t\t\t\t\t<\/a>\n\t\t<\/div>\n\t\t\t\t<\/div>\n\t\t\t\t<\/div>\n\t\t\t\t<\/div>\n\t\t\t\t\t<\/div>\n\t\t\t\t<\/div>\n\t\t\t\t<\/div>\n\t\t\t\t<div data-elementor-type=\"loop-item\" data-elementor-id=\"389\" class=\"elementor elementor-389 e-loop-item e-loop-item-1524 post-1524 presse type-presse status-publish hentry\" data-elementor-post-type=\"elementor_library\" data-custom-edit-handle=\"1\">\n\t\t\t<div class=\"elementor-element elementor-element-b106051 e-flex e-con-boxed e-con e-parent\" data-id=\"b106051\" data-element_type=\"container\">\n\t\t\t\t\t<div class=\"e-con-inner\">\n\t\t<div class=\"elementor-element elementor-element-a11e6bc e-con-full e-flex e-con e-child\" data-id=\"a11e6bc\" data-element_type=\"container\">\n\t\t\t\t<div class=\"elementor-element elementor-element-97a695a elementor-widget__width-auto elementor-widget elementor-widget-image\" data-id=\"97a695a\" data-element_type=\"widget\" data-widget_type=\"image.default\">\n\t\t\t\t<div class=\"elementor-widget-container\">\n\t\t\t\t\t\t\t\t\t\t\t\t\t<img decoding=\"async\" width=\"300\" height=\"300\" src=\"https:\/\/afen.fr\/wp-content\/uploads\/2024\/04\/Le-Monde-300x300.webp\" class=\"attachment-medium size-medium wp-image-1525\" alt=\"\" srcset=\"https:\/\/afen.fr\/wp-content\/uploads\/2024\/04\/Le-Monde-300x300.webp 300w, https:\/\/afen.fr\/wp-content\/uploads\/2024\/04\/Le-Monde-1024x1024.webp 1024w, https:\/\/afen.fr\/wp-content\/uploads\/2024\/04\/Le-Monde-150x150.webp 150w, https:\/\/afen.fr\/wp-content\/uploads\/2024\/04\/Le-Monde-768x768.webp 768w, https:\/\/afen.fr\/wp-content\/uploads\/2024\/04\/Le-Monde-1536x1536.webp 1536w, https:\/\/afen.fr\/wp-content\/uploads\/2024\/04\/Le-Monde-12x12.webp 12w, https:\/\/afen.fr\/wp-content\/uploads\/2024\/04\/Le-Monde.webp 2000w\" sizes=\"(max-width: 300px) 100vw, 300px\" \/>\t\t\t\t\t\t\t\t\t\t\t\t\t<\/div>\n\t\t\t\t<\/div>\n\t\t\t\t<\/div>\n\t\t<div class=\"elementor-element elementor-element-e3a3c9e e-con-full e-flex e-con e-child\" data-id=\"e3a3c9e\" data-element_type=\"container\">\n\t\t\t\t<div class=\"elementor-element elementor-element-28d37e4 elementor-widget elementor-widget-heading\" data-id=\"28d37e4\" data-element_type=\"widget\" data-widget_type=\"heading.default\">\n\t\t\t\t<div class=\"elementor-widget-container\">\n\t\t\t<h3 class=\"elementor-heading-title elementor-size-default\">Pomper le CO\u2082 de l\u2019atmosph\u00e8re, un nouveau d\u00e9fi dans la lutte contre le d\u00e9r\u00e8glement climatique<\/h3>\t\t<\/div>\n\t\t\t\t<\/div>\n\t\t\t\t<div class=\"elementor-element elementor-element-825a4dd elementor-mobile-align-center elementor-widget elementor-widget-button\" data-id=\"825a4dd\" data-element_type=\"widget\" data-widget_type=\"button.default\">\n\t\t\t\t<div class=\"elementor-widget-container\">\n\t\t\t\t\t<div class=\"elementor-button-wrapper\">\n\t\t\t<a class=\"elementor-button elementor-button-link elementor-size-sm\" href=\"https:\/\/www.lemonde.fr\/planete\/article\/2024\/04\/16\/climat-pomper-le-co-de-l-atmosphere-un-nouveau-defi-dans-la-lutte-contre-le-rechauffement_6228088_3244.html\" target=\"_blank\">\n\t\t\t\t\t\t<span class=\"elementor-button-content-wrapper\">\n\t\t\t\t\t\t<span class=\"elementor-button-icon\">\n\t\t\t\t<i aria-hidden=\"true\" class=\"afenicons afenicons-external-link\"><\/i>\t\t\t<\/span>\n\t\t\t\t\t\t\t\t\t<span class=\"elementor-button-text\">Lire l'article<\/span>\n\t\t\t\t\t<\/span>\n\t\t\t\t\t<\/a>\n\t\t<\/div>\n\t\t\t\t<\/div>\n\t\t\t\t<\/div>\n\t\t\t\t<\/div>\n\t\t\t\t\t<\/div>\n\t\t\t\t<\/div>\n\t\t\t\t<\/div>\n\t\t\t\t<div data-elementor-type=\"loop-item\" data-elementor-id=\"389\" class=\"elementor elementor-389 e-loop-item e-loop-item-1623 post-1623 presse type-presse status-publish hentry\" data-elementor-post-type=\"elementor_library\" data-custom-edit-handle=\"1\">\n\t\t\t<div class=\"elementor-element elementor-element-b106051 e-flex e-con-boxed e-con e-parent\" data-id=\"b106051\" data-element_type=\"container\">\n\t\t\t\t\t<div class=\"e-con-inner\">\n\t\t<div class=\"elementor-element elementor-element-a11e6bc e-con-full e-flex e-con e-child\" data-id=\"a11e6bc\" data-element_type=\"container\">\n\t\t\t\t<div class=\"elementor-element elementor-element-97a695a elementor-widget__width-auto elementor-widget elementor-widget-image\" data-id=\"97a695a\" data-element_type=\"widget\" data-widget_type=\"image.default\">\n\t\t\t\t<div class=\"elementor-widget-container\">\n\t\t\t\t\t\t\t\t\t\t\t\t\t<img loading=\"lazy\" decoding=\"async\" width=\"300\" height=\"167\" src=\"https:\/\/afen.fr\/wp-content\/uploads\/2024\/05\/lusine-nouvelle-logo-vector2-300x167.png\" class=\"attachment-medium size-medium wp-image-1625\" alt=\"\" srcset=\"https:\/\/afen.fr\/wp-content\/uploads\/2024\/05\/lusine-nouvelle-logo-vector2-300x167.png 300w, https:\/\/afen.fr\/wp-content\/uploads\/2024\/05\/lusine-nouvelle-logo-vector2-18x10.png 18w, https:\/\/afen.fr\/wp-content\/uploads\/2024\/05\/lusine-nouvelle-logo-vector2.png 450w\" sizes=\"(max-width: 300px) 100vw, 300px\" \/>\t\t\t\t\t\t\t\t\t\t\t\t\t<\/div>\n\t\t\t\t<\/div>\n\t\t\t\t<\/div>\n\t\t<div class=\"elementor-element elementor-element-e3a3c9e e-con-full e-flex e-con e-child\" data-id=\"e3a3c9e\" data-element_type=\"container\">\n\t\t\t\t<div class=\"elementor-element elementor-element-28d37e4 elementor-widget elementor-widget-heading\" data-id=\"28d37e4\" data-element_type=\"widget\" data-widget_type=\"heading.default\">\n\t\t\t\t<div class=\"elementor-widget-container\">\n\t\t\t<h3 class=\"elementor-heading-title elementor-size-default\">\u00ab L\u2019\u00e9limination du carbone doit devenir une fili\u00e8re importante en France \u00bb<\/h3>\t\t<\/div>\n\t\t\t\t<\/div>\n\t\t\t\t<div class=\"elementor-element elementor-element-825a4dd elementor-mobile-align-center elementor-widget elementor-widget-button\" data-id=\"825a4dd\" data-element_type=\"widget\" data-widget_type=\"button.default\">\n\t\t\t\t<div class=\"elementor-widget-container\">\n\t\t\t\t\t<div class=\"elementor-button-wrapper\">\n\t\t\t<a class=\"elementor-button elementor-button-link elementor-size-sm\" href=\"https:\/\/www.usinenouvelle.com\/article\/l-elimination-du-carbone-doit-devenir-une-filiere-importante-en-france-affirme-karim-rahmani-vice-president-de-l-association-francaise-pour-les-emissions-negatives.N2212706\" target=\"_blank\">\n\t\t\t\t\t\t<span class=\"elementor-button-content-wrapper\">\n\t\t\t\t\t\t<span class=\"elementor-button-icon\">\n\t\t\t\t<i aria-hidden=\"true\" class=\"afenicons afenicons-external-link\"><\/i>\t\t\t<\/span>\n\t\t\t\t\t\t\t\t\t<span class=\"elementor-button-text\">Lire l'article<\/span>\n\t\t\t\t\t<\/span>\n\t\t\t\t\t<\/a>\n\t\t<\/div>\n\t\t\t\t<\/div>\n\t\t\t\t<\/div>\n\t\t\t\t<\/div>\n\t\t\t\t\t<\/div>\n\t\t\t\t<\/div>\n\t\t\t\t<\/div>\n\t\t\t\t<div data-elementor-type=\"loop-item\" data-elementor-id=\"389\" class=\"elementor elementor-389 e-loop-item e-loop-item-1610 post-1610 presse type-presse status-publish hentry\" data-elementor-post-type=\"elementor_library\" data-custom-edit-handle=\"1\">\n\t\t\t<div class=\"elementor-element elementor-element-b106051 e-flex e-con-boxed e-con e-parent\" data-id=\"b106051\" data-element_type=\"container\">\n\t\t\t\t\t<div class=\"e-con-inner\">\n\t\t<div class=\"elementor-element elementor-element-a11e6bc e-con-full e-flex e-con e-child\" data-id=\"a11e6bc\" data-element_type=\"container\">\n\t\t\t\t<div class=\"elementor-element elementor-element-97a695a elementor-widget__width-auto elementor-widget elementor-widget-image\" data-id=\"97a695a\" data-element_type=\"widget\" data-widget_type=\"image.default\">\n\t\t\t\t<div class=\"elementor-widget-container\">\n\t\t\t\t\t\t\t\t\t\t\t\t\t<img loading=\"lazy\" decoding=\"async\" width=\"225\" height=\"225\" src=\"https:\/\/afen.fr\/wp-content\/uploads\/2024\/04\/La-croix-logo.png\" class=\"attachment-medium size-medium wp-image-1612\" alt=\"\" srcset=\"https:\/\/afen.fr\/wp-content\/uploads\/2024\/04\/La-croix-logo.png 225w, https:\/\/afen.fr\/wp-content\/uploads\/2024\/04\/La-croix-logo-150x150.png 150w, https:\/\/afen.fr\/wp-content\/uploads\/2024\/04\/La-croix-logo-12x12.png 12w\" sizes=\"(max-width: 225px) 100vw, 225px\" \/>\t\t\t\t\t\t\t\t\t\t\t\t\t<\/div>\n\t\t\t\t<\/div>\n\t\t\t\t<\/div>\n\t\t<div class=\"elementor-element elementor-element-e3a3c9e e-con-full e-flex e-con e-child\" data-id=\"e3a3c9e\" data-element_type=\"container\">\n\t\t\t\t<div class=\"elementor-element elementor-element-28d37e4 elementor-widget elementor-widget-heading\" data-id=\"28d37e4\" data-element_type=\"widget\" data-widget_type=\"heading.default\">\n\t\t\t\t<div class=\"elementor-widget-container\">\n\t\t\t<h3 class=\"elementor-heading-title elementor-size-default\">Capture, stockage et \u00e9limination du CO2 : ces technologies qui promettent de sauver le climat<\/h3>\t\t<\/div>\n\t\t\t\t<\/div>\n\t\t\t\t<div class=\"elementor-element elementor-element-825a4dd elementor-mobile-align-center elementor-widget elementor-widget-button\" data-id=\"825a4dd\" data-element_type=\"widget\" data-widget_type=\"button.default\">\n\t\t\t\t<div class=\"elementor-widget-container\">\n\t\t\t\t\t<div class=\"elementor-button-wrapper\">\n\t\t\t<a class=\"elementor-button elementor-button-link elementor-size-sm\" href=\"https:\/\/www.la-croix.com\/planete\/capture-stockage-et-elimination-du-co2-ces-technologies-qui-promettent-de-sauver-le-climat-20240418\" target=\"_blank\">\n\t\t\t\t\t\t<span class=\"elementor-button-content-wrapper\">\n\t\t\t\t\t\t<span class=\"elementor-button-icon\">\n\t\t\t\t<i aria-hidden=\"true\" class=\"afenicons afenicons-external-link\"><\/i>\t\t\t<\/span>\n\t\t\t\t\t\t\t\t\t<span class=\"elementor-button-text\">Lire l'article<\/span>\n\t\t\t\t\t<\/span>\n\t\t\t\t\t<\/a>\n\t\t<\/div>\n\t\t\t\t<\/div>\n\t\t\t\t<\/div>\n\t\t\t\t<\/div>\n\t\t\t\t\t<\/div>\n\t\t\t\t<\/div>\n\t\t\t\t<\/div>\n\t\t\t\t<div data-elementor-type=\"loop-item\" data-elementor-id=\"389\" class=\"elementor elementor-389 e-loop-item e-loop-item-1614 post-1614 presse type-presse status-publish hentry\" data-elementor-post-type=\"elementor_library\" data-custom-edit-handle=\"1\">\n\t\t\t<div class=\"elementor-element elementor-element-b106051 e-flex e-con-boxed e-con e-parent\" data-id=\"b106051\" data-element_type=\"container\">\n\t\t\t\t\t<div class=\"e-con-inner\">\n\t\t<div class=\"elementor-element elementor-element-a11e6bc e-con-full e-flex e-con e-child\" data-id=\"a11e6bc\" data-element_type=\"container\">\n\t\t\t\t<div class=\"elementor-element elementor-element-97a695a elementor-widget__width-auto elementor-widget elementor-widget-image\" data-id=\"97a695a\" data-element_type=\"widget\" data-widget_type=\"image.default\">\n\t\t\t\t<div class=\"elementor-widget-container\">\n\t\t\t\t\t\t\t\t\t\t\t\t\t<img loading=\"lazy\" decoding=\"async\" width=\"300\" height=\"300\" src=\"https:\/\/afen.fr\/wp-content\/uploads\/2024\/04\/RFI_logo_2013.svg-300x300.png\" class=\"attachment-medium size-medium wp-image-1615\" alt=\"\" srcset=\"https:\/\/afen.fr\/wp-content\/uploads\/2024\/04\/RFI_logo_2013.svg-300x300.png 300w, https:\/\/afen.fr\/wp-content\/uploads\/2024\/04\/RFI_logo_2013.svg-150x150.png 150w, https:\/\/afen.fr\/wp-content\/uploads\/2024\/04\/RFI_logo_2013.svg-768x768.png 768w, https:\/\/afen.fr\/wp-content\/uploads\/2024\/04\/RFI_logo_2013.svg-12x12.png 12w, https:\/\/afen.fr\/wp-content\/uploads\/2024\/04\/RFI_logo_2013.svg.png 1024w\" sizes=\"(max-width: 300px) 100vw, 300px\" \/>\t\t\t\t\t\t\t\t\t\t\t\t\t<\/div>\n\t\t\t\t<\/div>\n\t\t\t\t<\/div>\n\t\t<div class=\"elementor-element elementor-element-e3a3c9e e-con-full e-flex e-con e-child\" data-id=\"e3a3c9e\" data-element_type=\"container\">\n\t\t\t\t<div class=\"elementor-element elementor-element-28d37e4 elementor-widget elementor-widget-heading\" data-id=\"28d37e4\" data-element_type=\"widget\" data-widget_type=\"heading.default\">\n\t\t\t\t<div class=\"elementor-widget-container\">\n\t\t\t<h3 class=\"elementor-heading-title elementor-size-default\">Podcast RFI &#8211; Le Club de C&rsquo;est pas du Vent &#8211; 24 avril 2024<\/h3>\t\t<\/div>\n\t\t\t\t<\/div>\n\t\t\t\t<div class=\"elementor-element elementor-element-825a4dd elementor-mobile-align-center elementor-widget elementor-widget-button\" data-id=\"825a4dd\" data-element_type=\"widget\" data-widget_type=\"button.default\">\n\t\t\t\t<div class=\"elementor-widget-container\">\n\t\t\t\t\t<div class=\"elementor-button-wrapper\">\n\t\t\t<a class=\"elementor-button elementor-button-link elementor-size-sm\" href=\"https:\/\/www.rfi.fr\/fr\/podcasts\/c-est-pas-du-vent\/20240424-le-club-de-c-est-pas-du-vent-24-avril-2024vecvec\" target=\"_blank\">\n\t\t\t\t\t\t<span class=\"elementor-button-content-wrapper\">\n\t\t\t\t\t\t<span class=\"elementor-button-icon\">\n\t\t\t\t<i aria-hidden=\"true\" class=\"afenicons afenicons-external-link\"><\/i>\t\t\t<\/span>\n\t\t\t\t\t\t\t\t\t<span class=\"elementor-button-text\">Lire l'article<\/span>\n\t\t\t\t\t<\/span>\n\t\t\t\t\t<\/a>\n\t\t<\/div>\n\t\t\t\t<\/div>\n\t\t\t\t<\/div>\n\t\t\t\t<\/div>\n\t\t\t\t\t<\/div>\n\t\t\t\t<\/div>\n\t\t\t\t<\/div>\n\t\t\t\t<div data-elementor-type=\"loop-item\" data-elementor-id=\"389\" class=\"elementor elementor-389 e-loop-item e-loop-item-1481 post-1481 presse type-presse status-publish hentry\" data-elementor-post-type=\"elementor_library\" data-custom-edit-handle=\"1\">\n\t\t\t<div class=\"elementor-element elementor-element-b106051 e-flex e-con-boxed e-con e-parent\" data-id=\"b106051\" data-element_type=\"container\">\n\t\t\t\t\t<div class=\"e-con-inner\">\n\t\t<div class=\"elementor-element elementor-element-a11e6bc e-con-full e-flex e-con e-child\" data-id=\"a11e6bc\" data-element_type=\"container\">\n\t\t\t\t<div class=\"elementor-element elementor-element-97a695a elementor-widget__width-auto elementor-widget elementor-widget-image\" data-id=\"97a695a\" data-element_type=\"widget\" data-widget_type=\"image.default\">\n\t\t\t\t<div class=\"elementor-widget-container\">\n\t\t\t\t\t\t\t\t\t\t\t\t\t<img loading=\"lazy\" decoding=\"async\" width=\"200\" height=\"200\" src=\"https:\/\/afen.fr\/wp-content\/uploads\/2024\/04\/images-1.png\" class=\"attachment-medium size-medium wp-image-1482\" alt=\"\" srcset=\"https:\/\/afen.fr\/wp-content\/uploads\/2024\/04\/images-1.png 200w, https:\/\/afen.fr\/wp-content\/uploads\/2024\/04\/images-1-150x150.png 150w, https:\/\/afen.fr\/wp-content\/uploads\/2024\/04\/images-1-12x12.png 12w\" sizes=\"(max-width: 200px) 100vw, 200px\" \/>\t\t\t\t\t\t\t\t\t\t\t\t\t<\/div>\n\t\t\t\t<\/div>\n\t\t\t\t<\/div>\n\t\t<div class=\"elementor-element elementor-element-e3a3c9e e-con-full e-flex e-con e-child\" data-id=\"e3a3c9e\" data-element_type=\"container\">\n\t\t\t\t<div class=\"elementor-element elementor-element-28d37e4 elementor-widget elementor-widget-heading\" data-id=\"28d37e4\" data-element_type=\"widget\" data-widget_type=\"heading.default\">\n\t\t\t\t<div class=\"elementor-widget-container\">\n\t\t\t<h3 class=\"elementor-heading-title elementor-size-default\">Carbon Herald: French Association For Negative Emissions Officially Launched<\/h3>\t\t<\/div>\n\t\t\t\t<\/div>\n\t\t\t\t<div class=\"elementor-element elementor-element-825a4dd elementor-mobile-align-center elementor-widget elementor-widget-button\" data-id=\"825a4dd\" data-element_type=\"widget\" data-widget_type=\"button.default\">\n\t\t\t\t<div class=\"elementor-widget-container\">\n\t\t\t\t\t<div class=\"elementor-button-wrapper\">\n\t\t\t<a class=\"elementor-button elementor-button-link elementor-size-sm\" href=\"https:\/\/carbonherald.com\/press-release-official-launch-of-the-french-association-for-negative-emissions\/\" target=\"_blank\">\n\t\t\t\t\t\t<span class=\"elementor-button-content-wrapper\">\n\t\t\t\t\t\t<span class=\"elementor-button-icon\">\n\t\t\t\t<i aria-hidden=\"true\" class=\"afenicons afenicons-external-link\"><\/i>\t\t\t<\/span>\n\t\t\t\t\t\t\t\t\t<span class=\"elementor-button-text\">Lire l'article<\/span>\n\t\t\t\t\t<\/span>\n\t\t\t\t\t<\/a>\n\t\t<\/div>\n\t\t\t\t<\/div>\n\t\t\t\t<\/div>\n\t\t\t\t<\/div>\n\t\t\t\t\t<\/div>\n\t\t\t\t<\/div>\n\t\t\t\t<\/div>\n\t\t\t\t<div data-elementor-type=\"loop-item\" data-elementor-id=\"389\" class=\"elementor elementor-389 e-loop-item e-loop-item-385 post-385 presse type-presse status-publish hentry\" data-elementor-post-type=\"elementor_library\" data-custom-edit-handle=\"1\">\n\t\t\t<div class=\"elementor-element elementor-element-b106051 e-flex e-con-boxed e-con e-parent\" data-id=\"b106051\" data-element_type=\"container\">\n\t\t\t\t\t<div class=\"e-con-inner\">\n\t\t<div class=\"elementor-element elementor-element-a11e6bc e-con-full e-flex e-con e-child\" data-id=\"a11e6bc\" data-element_type=\"container\">\n\t\t\t\t<div class=\"elementor-element elementor-element-97a695a elementor-widget__width-auto elementor-widget elementor-widget-image\" data-id=\"97a695a\" data-element_type=\"widget\" data-widget_type=\"image.default\">\n\t\t\t\t<div class=\"elementor-widget-container\">\n\t\t\t\t\t\t\t\t\t\t\t\t\t<img loading=\"lazy\" decoding=\"async\" width=\"300\" height=\"156\" src=\"https:\/\/afen.fr\/wp-content\/uploads\/2024\/03\/fb_cover-300x156.jpg\" class=\"attachment-medium size-medium wp-image-1068\" alt=\"\" srcset=\"https:\/\/afen.fr\/wp-content\/uploads\/2024\/03\/fb_cover-300x156.jpg 300w, https:\/\/afen.fr\/wp-content\/uploads\/2024\/03\/fb_cover-18x9.jpg 18w, https:\/\/afen.fr\/wp-content\/uploads\/2024\/03\/fb_cover.jpg 720w\" sizes=\"(max-width: 300px) 100vw, 300px\" \/>\t\t\t\t\t\t\t\t\t\t\t\t\t<\/div>\n\t\t\t\t<\/div>\n\t\t\t\t<\/div>\n\t\t<div class=\"elementor-element elementor-element-e3a3c9e e-con-full e-flex e-con e-child\" data-id=\"e3a3c9e\" data-element_type=\"container\">\n\t\t\t\t<div class=\"elementor-element elementor-element-28d37e4 elementor-widget elementor-widget-heading\" data-id=\"28d37e4\" data-element_type=\"widget\" data-widget_type=\"heading.default\">\n\t\t\t\t<div class=\"elementor-widget-container\">\n\t\t\t<h3 class=\"elementor-heading-title elementor-size-default\">Carbon Impact: Le Sp\u00e9cialiste Fran\u00e7ais des \u00c9missions N\u00e9gatives de CO2<\/h3>\t\t<\/div>\n\t\t\t\t<\/div>\n\t\t\t\t<div class=\"elementor-element elementor-element-825a4dd elementor-mobile-align-center elementor-widget elementor-widget-button\" data-id=\"825a4dd\" data-element_type=\"widget\" data-widget_type=\"button.default\">\n\t\t\t\t<div class=\"elementor-widget-container\">\n\t\t\t\t\t<div class=\"elementor-button-wrapper\">\n\t\t\t<a class=\"elementor-button elementor-button-link elementor-size-sm\" href=\"https:\/\/www.bfmtv.com\/economie\/professionnels\/focus-entreprises\/carbon-impact-le-specialiste-francais-des-emissions-negatives-de-co2_AB-202403270017.html\" target=\"_blank\">\n\t\t\t\t\t\t<span class=\"elementor-button-content-wrapper\">\n\t\t\t\t\t\t<span class=\"elementor-button-icon\">\n\t\t\t\t<i aria-hidden=\"true\" class=\"afenicons afenicons-external-link\"><\/i>\t\t\t<\/span>\n\t\t\t\t\t\t\t\t\t<span class=\"elementor-button-text\">Lire l'article<\/span>\n\t\t\t\t\t<\/span>\n\t\t\t\t\t<\/a>\n\t\t<\/div>\n\t\t\t\t<\/div>\n\t\t\t\t<\/div>\n\t\t\t\t<\/div>\n\t\t\t\t\t<\/div>\n\t\t\t\t<\/div>\n\t\t\t\t<\/div>\n\t\t\t\t<div data-elementor-type=\"loop-item\" data-elementor-id=\"389\" class=\"elementor elementor-389 e-loop-item e-loop-item-384 post-384 presse type-presse status-publish hentry\" data-elementor-post-type=\"elementor_library\" data-custom-edit-handle=\"1\">\n\t\t\t<div class=\"elementor-element elementor-element-b106051 e-flex e-con-boxed e-con e-parent\" data-id=\"b106051\" data-element_type=\"container\">\n\t\t\t\t\t<div class=\"e-con-inner\">\n\t\t<div class=\"elementor-element elementor-element-a11e6bc e-con-full e-flex e-con e-child\" data-id=\"a11e6bc\" data-element_type=\"container\">\n\t\t\t\t<div class=\"elementor-element elementor-element-97a695a elementor-widget__width-auto elementor-widget elementor-widget-image\" data-id=\"97a695a\" data-element_type=\"widget\" data-widget_type=\"image.default\">\n\t\t\t\t<div class=\"elementor-widget-container\">\n\t\t\t\t\t\t\t\t\t\t\t\t\t<img loading=\"lazy\" decoding=\"async\" width=\"300\" height=\"300\" src=\"https:\/\/afen.fr\/wp-content\/uploads\/2024\/03\/logo-youtube-rouge-logo-medias-sociaux_197792-1803-300x300.avif\" class=\"attachment-medium size-medium wp-image-1070\" alt=\"\" srcset=\"https:\/\/afen.fr\/wp-content\/uploads\/2024\/03\/logo-youtube-rouge-logo-medias-sociaux_197792-1803-300x300.avif 300w, https:\/\/afen.fr\/wp-content\/uploads\/2024\/03\/logo-youtube-rouge-logo-medias-sociaux_197792-1803-150x150.avif 150w, https:\/\/afen.fr\/wp-content\/uploads\/2024\/03\/logo-youtube-rouge-logo-medias-sociaux_197792-1803-12x12.avif 12w, https:\/\/afen.fr\/wp-content\/uploads\/2024\/03\/logo-youtube-rouge-logo-medias-sociaux_197792-1803.avif 360w\" sizes=\"(max-width: 300px) 100vw, 300px\" \/>\t\t\t\t\t\t\t\t\t\t\t\t\t<\/div>\n\t\t\t\t<\/div>\n\t\t\t\t<\/div>\n\t\t<div class=\"elementor-element elementor-element-e3a3c9e e-con-full e-flex e-con e-child\" data-id=\"e3a3c9e\" data-element_type=\"container\">\n\t\t\t\t<div class=\"elementor-element elementor-element-28d37e4 elementor-widget elementor-widget-heading\" data-id=\"28d37e4\" data-element_type=\"widget\" data-widget_type=\"heading.default\">\n\t\t\t\t<div class=\"elementor-widget-container\">\n\t\t\t<h3 class=\"elementor-heading-title elementor-size-default\">Webinaire Carbonfuture: What Lies Ahead for Carbon Markets<\/h3>\t\t<\/div>\n\t\t\t\t<\/div>\n\t\t\t\t<div class=\"elementor-element elementor-element-825a4dd elementor-mobile-align-center elementor-widget elementor-widget-button\" data-id=\"825a4dd\" data-element_type=\"widget\" data-widget_type=\"button.default\">\n\t\t\t\t<div class=\"elementor-widget-container\">\n\t\t\t\t\t<div class=\"elementor-button-wrapper\">\n\t\t\t<a class=\"elementor-button elementor-button-link elementor-size-sm\" href=\"https:\/\/www.youtube.com\/watch?v=_4AnD07ISIc\" target=\"_blank\">\n\t\t\t\t\t\t<span class=\"elementor-button-content-wrapper\">\n\t\t\t\t\t\t<span class=\"elementor-button-icon\">\n\t\t\t\t<i aria-hidden=\"true\" class=\"afenicons afenicons-external-link\"><\/i>\t\t\t<\/span>\n\t\t\t\t\t\t\t\t\t<span class=\"elementor-button-text\">Lire l'article<\/span>\n\t\t\t\t\t<\/span>\n\t\t\t\t\t<\/a>\n\t\t<\/div>\n\t\t\t\t<\/div>\n\t\t\t\t<\/div>\n\t\t\t\t<\/div>\n\t\t\t\t\t<\/div>\n\t\t\t\t<\/div>\n\t\t\t\t<\/div>\n\t\t\t\t<div data-elementor-type=\"loop-item\" data-elementor-id=\"389\" class=\"elementor elementor-389 e-loop-item e-loop-item-382 post-382 presse type-presse status-publish hentry\" data-elementor-post-type=\"elementor_library\" data-custom-edit-handle=\"1\">\n\t\t\t<div class=\"elementor-element elementor-element-b106051 e-flex e-con-boxed e-con e-parent\" data-id=\"b106051\" data-element_type=\"container\">\n\t\t\t\t\t<div class=\"e-con-inner\">\n\t\t<div class=\"elementor-element elementor-element-a11e6bc e-con-full e-flex e-con e-child\" data-id=\"a11e6bc\" data-element_type=\"container\">\n\t\t\t\t<div class=\"elementor-element elementor-element-97a695a elementor-widget__width-auto elementor-widget elementor-widget-image\" data-id=\"97a695a\" data-element_type=\"widget\" data-widget_type=\"image.default\">\n\t\t\t\t<div class=\"elementor-widget-container\">\n\t\t\t\t\t\t\t\t\t\t\t\t\t<img loading=\"lazy\" decoding=\"async\" width=\"300\" height=\"300\" src=\"https:\/\/afen.fr\/wp-content\/uploads\/2024\/03\/AFEN-Icon-Only-RGB-Transparent-Hires-01-6-300x300.png\" class=\"attachment-medium size-medium wp-image-1360\" alt=\"\" srcset=\"https:\/\/afen.fr\/wp-content\/uploads\/2024\/03\/AFEN-Icon-Only-RGB-Transparent-Hires-01-6-300x300.png 300w, https:\/\/afen.fr\/wp-content\/uploads\/2024\/03\/AFEN-Icon-Only-RGB-Transparent-Hires-01-6-1024x1024.png 1024w, https:\/\/afen.fr\/wp-content\/uploads\/2024\/03\/AFEN-Icon-Only-RGB-Transparent-Hires-01-6-150x150.png 150w, https:\/\/afen.fr\/wp-content\/uploads\/2024\/03\/AFEN-Icon-Only-RGB-Transparent-Hires-01-6-768x768.png 768w, https:\/\/afen.fr\/wp-content\/uploads\/2024\/03\/AFEN-Icon-Only-RGB-Transparent-Hires-01-6-1536x1536.png 1536w, https:\/\/afen.fr\/wp-content\/uploads\/2024\/03\/AFEN-Icon-Only-RGB-Transparent-Hires-01-6-2048x2048.png 2048w, https:\/\/afen.fr\/wp-content\/uploads\/2024\/03\/AFEN-Icon-Only-RGB-Transparent-Hires-01-6-12x12.png 12w\" sizes=\"(max-width: 300px) 100vw, 300px\" \/>\t\t\t\t\t\t\t\t\t\t\t\t\t<\/div>\n\t\t\t\t<\/div>\n\t\t\t\t<\/div>\n\t\t<div class=\"elementor-element elementor-element-e3a3c9e e-con-full e-flex e-con e-child\" data-id=\"e3a3c9e\" data-element_type=\"container\">\n\t\t\t\t<div class=\"elementor-element elementor-element-28d37e4 elementor-widget elementor-widget-heading\" data-id=\"28d37e4\" data-element_type=\"widget\" data-widget_type=\"heading.default\">\n\t\t\t\t<div class=\"elementor-widget-container\">\n\t\t\t<h3 class=\"elementor-heading-title elementor-size-default\">Communiqu\u00e9 de Presse : Lancement de l&rsquo;AFEN<\/h3>\t\t<\/div>\n\t\t\t\t<\/div>\n\t\t\t\t<div class=\"elementor-element elementor-element-825a4dd elementor-mobile-align-center elementor-widget elementor-widget-button\" data-id=\"825a4dd\" data-element_type=\"widget\" data-widget_type=\"button.default\">\n\t\t\t\t<div class=\"elementor-widget-container\">\n\t\t\t\t\t<div class=\"elementor-button-wrapper\">\n\t\t\t<a class=\"elementor-button elementor-button-link elementor-size-sm\" href=\"https:\/\/afen.fr\/actualite\/lancement-afen\" target=\"_blank\">\n\t\t\t\t\t\t<span class=\"elementor-button-content-wrapper\">\n\t\t\t\t\t\t<span class=\"elementor-button-icon\">\n\t\t\t\t<i aria-hidden=\"true\" class=\"afenicons afenicons-external-link\"><\/i>\t\t\t<\/span>\n\t\t\t\t\t\t\t\t\t<span class=\"elementor-button-text\">Lire l'article<\/span>\n\t\t\t\t\t<\/span>\n\t\t\t\t\t<\/a>\n\t\t<\/div>\n\t\t\t\t<\/div>\n\t\t\t\t<\/div>\n\t\t\t\t<\/div>\n\t\t\t\t\t<\/div>\n\t\t\t\t<\/div>\n\t\t\t\t<\/div>\n\t\t\t\t<\/div>\n\t\t\t\t\t<span class=\"e-load-more-spinner\">\n\t\t\t\t<svg aria-hidden=\"true\" class=\"e-font-icon-svg e-fas-spinner\" viewBox=\"0 0 512 512\" xmlns=\"http:\/\/www.w3.org\/2000\/svg\"><path d=\"M304 48c0 26.51-21.49 48-48 48s-48-21.49-48-48 21.49-48 48-48 48 21.49 48 48zm-48 368c-26.51 0-48 21.49-48 48s21.49 48 48 48 48-21.49 48-48-21.49-48-48-48zm208-208c-26.51 0-48 21.49-48 48s21.49 48 48 48 48-21.49 48-48-21.49-48-48-48zM96 256c0-26.51-21.49-48-48-48S0 229.49 0 256s21.49 48 48 48 48-21.49 48-48zm12.922 99.078c-26.51 0-48 21.49-48 48s21.49 48 48 48 48-21.49 48-48c0-26.509-21.491-48-48-48zm294.156 0c-26.51 0-48 21.49-48 48s21.49 48 48 48 48-21.49 48-48c0-26.509-21.49-48-48-48zM108.922 60.922c-26.51 0-48 21.49-48 48s21.49 48 48 48 48-21.49 48-48-21.491-48-48-48z\"><\/path><\/svg>\t\t\t<\/span>\n\t\t\n\t\t\t\t<\/div>\n\t\t\t\t<\/div>\n\t\t\t\t\t<\/div>\n\t\t\t\t<\/div>\n\t\t\t\t<\/div>\n\t\t","protected":false},"excerpt":{"rendered":"<p>\u00c9v\u00e9nements Nos \u00e9v\u00e9nements r\u00e9centes Revue de presse Ils parlent de nous<\/p>","protected":false},"author":2,"featured_media":92,"parent":0,"menu_order":0,"comment_status":"closed","ping_status":"closed","template":"","meta":{"footnotes":""},"class_list":["post-3692","page","type-page","status-publish","has-post-thumbnail","hentry"],"yoast_head":"<!-- This site is optimized with the Yoast SEO plugin v23.4 - https:\/\/yoast.com\/wordpress\/plugins\/seo\/ -->\n<title>\u00c9v\u00e9nements &#8211; AFEN<\/title>\n<meta name=\"description\" content=\"Explorez nos ressources pratiques et nos \u00e9v\u00e9nements pour vous informer et vous engager dans la transition vers la durabilit\u00e9.\" \/>\n<meta name=\"robots\" content=\"index, follow, max-snippet:-1, max-image-preview:large, max-video-preview:-1\" \/>\n<link rel=\"canonical\" href=\"https:\/\/afen.fr\/en\/events\/\" \/>\n<meta property=\"og:locale\" content=\"en_US\" \/>\n<meta property=\"og:type\" content=\"article\" \/>\n<meta property=\"og:title\" content=\"\u00c9v\u00e9nements &#8211; AFEN\" \/>\n<meta property=\"og:description\" content=\"Explorez nos ressources pratiques et nos \u00e9v\u00e9nements pour vous informer et vous engager dans la transition vers la durabilit\u00e9.\" \/>\n<meta property=\"og:url\" content=\"https:\/\/afen.fr\/en\/events\/\" \/>\n<meta property=\"og:site_name\" content=\"AFEN\" \/>\n<meta property=\"article:modified_time\" content=\"2026-09-02T14:03:20+00:00\" \/>\n<meta property=\"og:image\" content=\"https:\/\/afen.fr\/wp-content\/uploads\/2024\/03\/thibaut-marquis-BQeQXQoR2dQ-unsplash.jpg\" \/>\n\t<meta property=\"og:image:width\" content=\"1920\" \/>\n\t<meta property=\"og:image:height\" content=\"1272\" \/>\n\t<meta property=\"og:image:type\" content=\"image\/jpeg\" \/>\n<meta name=\"twitter:card\" content=\"summary_large_image\" \/>\n<meta name=\"twitter:label1\" content=\"Est. reading time\" \/>\n\t<meta name=\"twitter:data1\" content=\"12 minutes\" \/>\n<script type=\"application\/ld+json\" class=\"yoast-schema-graph\">{\"@context\":\"https:\/\/schema.org\",\"@graph\":[{\"@type\":\"WebPage\",\"@id\":\"https:\/\/afen.fr\/evenements\/\",\"url\":\"https:\/\/afen.fr\/evenements\/\",\"name\":\"\u00c9v\u00e9nements &#8211; AFEN\",\"isPartOf\":{\"@id\":\"https:\/\/afen.fr\/#website\"},\"primaryImageOfPage\":{\"@id\":\"https:\/\/afen.fr\/evenements\/#primaryimage\"},\"image\":{\"@id\":\"https:\/\/afen.fr\/evenements\/#primaryimage\"},\"thumbnailUrl\":\"https:\/\/afen.fr\/wp-content\/uploads\/2024\/03\/thibaut-marquis-BQeQXQoR2dQ-unsplash.jpg\",\"datePublished\":\"2026-09-02T13:54:32+00:00\",\"dateModified\":\"2026-09-02T14:03:20+00:00\",\"description\":\"Explorez nos ressources pratiques et nos \u00e9v\u00e9nements pour vous informer et vous engager dans la transition vers la durabilit\u00e9.\",\"breadcrumb\":{\"@id\":\"https:\/\/afen.fr\/evenements\/#breadcrumb\"},\"inLanguage\":\"en-US\",\"potentialAction\":[{\"@type\":\"ReadAction\",\"target\":[\"https:\/\/afen.fr\/evenements\/\"]}]},{\"@type\":\"ImageObject\",\"inLanguage\":\"en-US\",\"@id\":\"https:\/\/afen.fr\/evenements\/#primaryimage\",\"url\":\"https:\/\/afen.fr\/wp-content\/uploads\/2024\/03\/thibaut-marquis-BQeQXQoR2dQ-unsplash.jpg\",\"contentUrl\":\"https:\/\/afen.fr\/wp-content\/uploads\/2024\/03\/thibaut-marquis-BQeQXQoR2dQ-unsplash.jpg\",\"width\":1920,\"height\":1272},{\"@type\":\"BreadcrumbList\",\"@id\":\"https:\/\/afen.fr\/evenements\/#breadcrumb\",\"itemListElement\":[{\"@type\":\"ListItem\",\"position\":1,\"name\":\"Accueil\",\"item\":\"https:\/\/afen.fr\/\"},{\"@type\":\"ListItem\",\"position\":2,\"name\":\"\u00c9v\u00e9nements\"}]},{\"@type\":\"WebSite\",\"@id\":\"https:\/\/afen.fr\/#website\",\"url\":\"https:\/\/afen.fr\/\",\"name\":\"AFEN\",\"description\":\"Association Fran\u00e7aise pour les \u00c9missions N\u00e9gatives\",\"publisher\":{\"@id\":\"https:\/\/afen.fr\/#organization\"},\"potentialAction\":[{\"@type\":\"SearchAction\",\"target\":{\"@type\":\"EntryPoint\",\"urlTemplate\":\"https:\/\/afen.fr\/?s={search_term_string}\"},\"query-input\":{\"@type\":\"PropertyValueSpecification\",\"valueRequired\":true,\"valueName\":\"search_term_string\"}}],\"inLanguage\":\"en-US\"},{\"@type\":\"Organization\",\"@id\":\"https:\/\/afen.fr\/#organization\",\"name\":\"Association Fran\u00e7aise pour les Emissions N\u00e9gatives\",\"alternateName\":\"AFEN\",\"url\":\"https:\/\/afen.fr\/\",\"logo\":{\"@type\":\"ImageObject\",\"inLanguage\":\"en-US\",\"@id\":\"https:\/\/afen.fr\/#\/schema\/logo\/image\/\",\"url\":\"https:\/\/afen.fr\/wp-content\/uploads\/2024\/03\/AFEN-logo_rvb.svg\",\"contentUrl\":\"https:\/\/afen.fr\/wp-content\/uploads\/2024\/03\/AFEN-logo_rvb.svg\",\"width\":777,\"height\":120,\"caption\":\"Association Fran\u00e7aise pour les Emissions N\u00e9gatives\"},\"image\":{\"@id\":\"https:\/\/afen.fr\/#\/schema\/logo\/image\/\"},\"sameAs\":[\"https:\/\/www.linkedin.com\/company\/afen\/\"]}]}<\/script>\n<!-- \/ Yoast SEO plugin. -->","yoast_head_json":{"title":"Events \u2013 AFEN","description":"Explore our practical resources and events to inform and engage you in the transition to sustainability.","robots":{"index":"index","follow":"follow","max-snippet":"max-snippet:-1","max-image-preview":"max-image-preview:large","max-video-preview":"max-video-preview:-1"},"canonical":"https:\/\/afen.fr\/en\/events\/","og_locale":"en_US","og_type":"article","og_title":"\u00c9v\u00e9nements &#8211; AFEN","og_description":"Explorez nos ressources pratiques et nos \u00e9v\u00e9nements pour vous informer et vous engager dans la transition vers la durabilit\u00e9.","og_url":"https:\/\/afen.fr\/en\/events\/","og_site_name":"AFEN","article_modified_time":"2026-09-02T14:03:20+00:00","og_image":[{"width":1920,"height":1272,"url":"https:\/\/afen.fr\/wp-content\/uploads\/2024\/03\/thibaut-marquis-BQeQXQoR2dQ-unsplash.jpg","type":"image\/jpeg"}],"twitter_card":"summary_large_image","twitter_misc":{"Est. reading time":"12 minutes"},"schema":{"@context":"https:\/\/schema.org","@graph":[{"@type":"WebPage","@id":"https:\/\/afen.fr\/evenements\/","url":"https:\/\/afen.fr\/evenements\/","name":"Events \u2013 AFEN","isPartOf":{"@id":"https:\/\/afen.fr\/#website"},"primaryImageOfPage":{"@id":"https:\/\/afen.fr\/evenements\/#primaryimage"},"image":{"@id":"https:\/\/afen.fr\/evenements\/#primaryimage"},"thumbnailUrl":"https:\/\/afen.fr\/wp-content\/uploads\/2024\/03\/thibaut-marquis-BQeQXQoR2dQ-unsplash.jpg","datePublished":"2026-09-02T13:54:32+00:00","dateModified":"2026-09-02T14:03:20+00:00","description":"Explore our practical resources and events to inform and engage you in the transition to sustainability.","breadcrumb":{"@id":"https:\/\/afen.fr\/evenements\/#breadcrumb"},"inLanguage":"en-US","potentialAction":[{"@type":"ReadAction","target":["https:\/\/afen.fr\/evenements\/"]}]},{"@type":"ImageObject","inLanguage":"en-US","@id":"https:\/\/afen.fr\/evenements\/#primaryimage","url":"https:\/\/afen.fr\/wp-content\/uploads\/2024\/03\/thibaut-marquis-BQeQXQoR2dQ-unsplash.jpg","contentUrl":"https:\/\/afen.fr\/wp-content\/uploads\/2024\/03\/thibaut-marquis-BQeQXQoR2dQ-unsplash.jpg","width":1920,"height":1272},{"@type":"BreadcrumbList","@id":"https:\/\/afen.fr\/evenements\/#breadcrumb","itemListElement":[{"@type":"ListItem","position":1,"name":"Accueil","item":"https:\/\/afen.fr\/"},{"@type":"ListItem","position":2,"name":"\u00c9v\u00e9nements"}]},{"@type":"WebSite","@id":"https:\/\/afen.fr\/#website","url":"https:\/\/afen.fr\/","name":"AFEN","description":"French Association for Negative Emissions","publisher":{"@id":"https:\/\/afen.fr\/#organization"},"potentialAction":[{"@type":"SearchAction","target":{"@type":"EntryPoint","urlTemplate":"https:\/\/afen.fr\/?s={search_term_string}"},"query-input":{"@type":"PropertyValueSpecification","valueRequired":true,"valueName":"search_term_string"}}],"inLanguage":"en-US"},{"@type":"Organization","@id":"https:\/\/afen.fr\/#organization","name":"Association Fran\u00e7aise pour les Emissions N\u00e9gatives","alternateName":"AFEN","url":"https:\/\/afen.fr\/","logo":{"@type":"ImageObject","inLanguage":"en-US","@id":"https:\/\/afen.fr\/#\/schema\/logo\/image\/","url":"https:\/\/afen.fr\/wp-content\/uploads\/2024\/03\/AFEN-logo_rvb.svg","contentUrl":"https:\/\/afen.fr\/wp-content\/uploads\/2024\/03\/AFEN-logo_rvb.svg","width":777,"height":120,"caption":"Association Fran\u00e7aise pour les Emissions N\u00e9gatives"},"image":{"@id":"https:\/\/afen.fr\/#\/schema\/logo\/image\/"},"sameAs":["https:\/\/www.linkedin.com\/company\/afen\/"]}]}},"_links":{"self":[{"href":"https:\/\/afen.fr\/en\/wp-json\/wp\/v2\/pages\/3692","targetHints":{"allow":["GET"]}}],"collection":[{"href":"https:\/\/afen.fr\/en\/wp-json\/wp\/v2\/pages"}],"about":[{"href":"https:\/\/afen.fr\/en\/wp-json\/wp\/v2\/types\/page"}],"author":[{"embeddable":true,"href":"https:\/\/afen.fr\/en\/wp-json\/wp\/v2\/users\/2"}],"replies":[{"embeddable":true,"href":"https:\/\/afen.fr\/en\/wp-json\/wp\/v2\/comments?post=3692"}],"version-history":[{"count":10,"href":"https:\/\/afen.fr\/en\/wp-json\/wp\/v2\/pages\/3692\/revisions"}],"predecessor-version":[{"id":3710,"href":"https:\/\/afen.fr\/en\/wp-json\/wp\/v2\/pages\/3692\/revisions\/3710"}],"wp:featuredmedia":[{"embeddable":true,"href":"https:\/\/afen.fr\/en\/wp-json\/wp\/v2\/media\/92"}],"wp:attachment":[{"href":"https:\/\/afen.fr\/en\/wp-json\/wp\/v2\/media?parent=3692"}],"curies":[{"name":"wp","href":"https:\/\/api.w.org\/{rel}","templated":true}]}}